{"id":193,"date":"2023-12-02T15:28:29","date_gmt":"2023-12-02T14:28:29","guid":{"rendered":"https:\/\/bnef.pl\/2025\/?page_id=193"},"modified":"2025-03-18T09:23:56","modified_gmt":"2025-03-18T08:23:56","slug":"dzien-1","status":"publish","type":"page","link":"https:\/\/bnef.pl\/2025\/agenda\/dzien-1\/","title":{"rendered":"Dzie\u0144 1"},"content":{"rendered":"\n    <div class=\"buttons-container\" style=\"padding-bottom: 45px\">\n\n        \n                            <a class=\"day-button\" href=\"https:\/\/bnef.pl\/2025\/agenda\/dzien-2\/\">\n                    Nast\u0119pny dzie\u0144                <\/a>\n            \n    <\/div><!-- \/.buttons-container -->\n\n<div id=\"agenda-block_6543ef0de4b25aa1928f7449f6c9328e\" class=\"site-agenda alignfull\">\n    <div class=\"site-agenda-title-header\">\n        <h3 class=\"agenda-title\">Dzie\u0144 1 <span>\/ 18 marca<\/span><\/h3>\n    <\/div><!-- \/.site-agenda-title-header -->\n    <div class=\"site-agenda-header\">\n\n        \n            \n            \n            \n                <a class=\"current-page\" href=\"https:\/\/bnef.pl\/2025\/agenda\/dzien-1\/\" title=\"Dzie\u0144 1\">Dzie\u0144 1                                     <span> \/ 18 marca<\/span>\n                                <\/a>\n\n            \n        \n            \n            \n                <a href=\"https:\/\/bnef.pl\/2025\/agenda\/dzien-2\/\" title=\"Dzie\u0144 2\">Dzie\u0144 2                                     <span> \/ 19 marca<\/span>\n                                <\/a>\n\n           \n        \n            \n            \n                <a href=\"https:\/\/bnef.pl\/2025\/agenda\/warsztaty\/\" title=\"Warsztaty\">Warsztaty                                     <span> \/ 19- 20 marca<\/span>\n                                <\/a>\n\n           \n        \n            \n            \n                <a href=\"https:\/\/bnef.pl\/2025\/agenda\/dzien-4\/\" title=\"Wizyta studyjna\">Wizyta studyjna                                     <span> \/ 20 &#8211; 22 marca<\/span>\n                                <\/a>\n\n           \n                \n    <\/div><!-- \/.site-agenda-header -->\n    \n     <div class=\"site-agenda-container\">\n                                    <div class=\"agenda-block\">\n                    <div class=\"col-left\">\n                                                <p class=\"hours\">08:00 &#8211; 9:50<\/p>\n                                                                        <p class=\"duration\">110 minut<\/p>\n                                            <\/div><!-- \/.col-left -->\n                    <div class=\"col-middle \">\n                                                    <div class=\"col-middle-left\">\n                                                        <h4>\u015aNIADANIE NETWORKINGOWE<\/h4>\n                                                                    <h4><strong>Rozpocznij dzie\u0144 od inspiruj\u0105cych rozm\u00f3w!\u00a0<\/strong><strong><img decoding=\"async\" class=\"emoji\" role=\"img\" src=\"https:\/\/s.w.org\/images\/core\/emoji\/15.0.3\/svg\/2615.svg\" alt=\"\u2615\" \/><img decoding=\"async\" class=\"emoji\" role=\"img\" src=\"https:\/\/s.w.org\/images\/core\/emoji\/15.0.3\/svg\/1f91d.svg\" alt=\"\ud83e\udd1d\" \/><\/strong><\/h4>\n                                                                                                <div id=\"modal-1\" style=\"display:none;\">\n                                    <h4>\u015aNIADANIE NETWORKINGOWE<\/h4>\n                                    <p><strong>Rozpocznij dzie\u0144 od inspiruj\u0105cych rozm\u00f3w! <\/strong><strong>\u2615\ud83e\udd1d<\/strong><\/p>\n<p>Serdecznie zapraszamy na <strong>\u015aniadanie Networkingowe<\/strong>, kt\u00f3re odb\u0119dzie si\u0119 tu\u017c przed rozpocz\u0119ciem konferencji. To doskona\u0142a okazja, aby w swobodnej atmosferze nawi\u0105za\u0107 pierwsze kontakty, wymieni\u0107 do\u015bwiadczenia i rozpocz\u0105\u0107 dzie\u0144 od warto\u015bciowych rozm\u00f3w przy aromatycznej kawie i pysznym \u015bniadaniu.<\/p>\n<p>\ud83d\udccd <strong>Lokalizacja:<\/strong> Europejskie Centrum Solidarno\u015bci<br \/>\n\ud83d\udcc5 <strong>Data:<\/strong> 18.03.2025<br \/>\n\ud83d\udd57 <strong>Godzina:<\/strong> 8.00 \u2013 10.00<\/p>\n<p>Nie przegap szansy na budowanie relacji biznesowych w lu\u017anej i przyjaznej atmosferze. Zarejestruj si\u0119 ju\u017c dzi\u015b i do\u0142\u0105cz do grona uczestnik\u00f3w!<\/p>\n<p>\ud83d\udd39 <strong>\u015aniadanie networkingowe jest przewidziane dla os\u00f3b posiadaj\u0105cych pakiet \u201eKonferencja ze \u015aniadaniem i Bankietem\u201d oraz zaproszonych Go\u015bci.<\/strong><\/p>\n<p>&nbsp;<\/p>\n                                <\/div><!-- div modal -->\n                                <a href=\"#modal-1\" data-modaal-type=\"inline\" data-modaal-animation=\"fade\" class=\"more-btn modaal\">Czytaj wi\u0119cej<\/a>\n                                                    <\/div><!-- \/.col-middle-left -->\n                    <div class=\"col-right\">\n                        <img loading=\"lazy\" decoding=\"async\" src=\"https:\/\/bnef.pl\/2025\/wp-content\/themes\/bnef\/assets\/networking.svg\" alt=\"Networking\" height=\"85\" width=\"100\">\n                    <\/div><!-- \/.col-right -->\n                <\/div><!-- \/.col-middle -->\n                <\/div><!-- \/.agenda-block -->\n                \n            \n                                    <div class=\"agenda-block\">\n                        <div class=\"col-left\">\n\n                                                    <p class=\"hours\">9:50 &#8211; 10:20<\/p>\n                                                                            <p class=\"duration\">30 minut<\/p>\n                                                \n                        <\/div><!-- \/.col-left -->\n                        <div class=\"col-middle \">\n                                                    <div class=\"col-middle-left\">\n                                                        <h4>OTWARCIE KONFERENCJI<\/h4>\n                                                                    <p><b>Organizatorzy: <\/b><\/p>\n<p><b>Piotr Stepnowski <\/b><span style=\"font-weight: 400\">&#8211; Rektor Uniwersytetu Gda\u0144skiego, <\/span><\/p>\n<p><b>Sylwia Molewska &#8211;<\/b><span style=\"font-weight: 400\"> Prezes Zarz\u0105du Biznes dla Klimatu, <\/span><\/p>\n<p><b>Kamil Wyszkowski <\/b><span style=\"font-weight: 400\">&#8211; Dyrektor Wykonawczy UNGCNP<\/span><\/p>\n<p>&nbsp;<\/p>\n<p><b>Jacek Karnowski &#8211;<\/b><span style=\"font-weight: 400\"> Sekretarz Stanu, Ministerstwo Fund<\/span><b>u<\/b><span style=\"font-weight: 400\">szy i Polityki Regionalnej\u00a0<\/span><\/p>\n<p><b>Mi\u0142osz Motyka<\/b><span style=\"font-weight: 400\"> \u2013 Podsekretarz Stanu, Ministerstwo Klimatu i \u015arodowiska\u00a0<\/span><\/p>\n<p><b>Beata Rutkiewic<\/b><span style=\"font-weight: 400\">z \u2013 Wojewoda Pomorska\u00a0<\/span><\/p>\n<p><b>Mieczys\u0142aw Struk<\/b><span style=\"font-weight: 400\"> \u2013 Marsza\u0142ek Wojew\u00f3dztwa Pomorskiego\u00a0<\/span><\/p>\n<p><strong>Piotr Kryszewski<\/strong> \u2013 Dyrektor Zarz\u0105dzaj\u0105cy ds. Zielonego Gda\u0144ska<\/p>\n                                                                                            <\/div><!-- \/.col-middle-left -->\n                            <div class=\"col-middle-right\">\n                                            <\/div><!-- \/.col-middle-right -->\n                    <\/div><!-- \/.col-middle -->\n                    <\/div><!-- \/.agenda-block -->\n                \n            \n                                    <div class=\"agenda-block\">\n                        <div class=\"col-left\">\n\n                                                    <p class=\"hours\">10:20 &#8211; 10:30<\/p>\n                                                                            <p class=\"duration\">10 minut<\/p>\n                                                \n                        <\/div><!-- \/.col-left -->\n                        <div class=\"col-middle \">\n                                                    <div class=\"col-middle-left single\">\n                                                        <h4>POST\u0118PY W BUDOWIE ELEKTROWNI NA POMORZU &#8211; WYST\u0104PIENIE PARTNERA STRATEGICZNEGO<\/h4>\n                                                                                            <\/div><!-- \/.col-middle-left -->\n                            <div class=\"col-middle-right\">\n                                                    <ul>\n                                                            <li>\n                                    <a href=\"https:\/\/bnef.pl\/2025\/prelegent\/piotr-piela\/\"> \n                                    <img loading=\"lazy\" decoding=\"async\" src=\"https:\/\/bnef.pl\/2025\/wp-content\/uploads\/sites\/7\/2025\/01\/piotr-piela.webp\" alt=\"Piotr Piela\" height=\"64\" width=\"64\">\n                                    <div class=\"person_desc\">\n                                                                                                                                                                Piotr Piela<br \/>\n                                        <span>Polskie Elektrownie J\u0105drowe<\/span>\n                                    <\/div><!-- \/.person_desc -->\n                                    <\/a>\n                                <\/li>\n                                                    <\/ul>\n                                        <\/div><!-- \/.col-middle-right -->\n                    <\/div><!-- \/.col-middle -->\n                    <\/div><!-- \/.agenda-block -->\n                \n            \n                                \n                \n                                <div id=\"sesja-i\" class=\"agenda-session-block\">\n                                    <h4>Sesja I<\/h4>\n                    <p>STRATEGICZNE RAMY ATOMU<\/p>\n                                            <p class=\"hours\">10:30 &#8211; 12:00<\/p>\n                                    <\/div><!-- \/.agenda-session-block -->\n                \n            \n                                    <div class=\"agenda-block\">\n                        <div class=\"col-left\">\n\n                                                    <p class=\"hours\">10:30 &#8211; 11:15<\/p>\n                                                                            <p class=\"duration\">45 minut<\/p>\n                                                                            <p class=\"session\">SESJA I<\/p>\n                        \n                        <\/div><!-- \/.col-left -->\n                        <div class=\"col-middle \">\n                                                    <div class=\"col-middle-left single\">\n                                                        <h4>DEBATA | ENERGIA J\u0104DROWA DLA STABILNO\u015aCI SYSTEMU ENERGETYCZNEGO W EUROPIE<\/h4>\n                                                                                                <div id=\"modal-5\" style=\"display:none;\">\n                                    <h4>DEBATA | ENERGIA J\u0104DROWA DLA STABILNO\u015aCI SYSTEMU ENERGETYCZNEGO W EUROPIE<\/h4>\n                                    <p><i><span style=\"font-weight: 400\">W trakcie sesji przedstawiciele rz\u0105du, politycy polscy i zagraniczni dyskutowa\u0107 b\u0119d\u0105 o kluczowych regulacjach, strategiach i programach zwi\u0105zanych z wdra\u017caniem energii j\u0105drowej jako \u017ar\u00f3d\u0142a stabilnej i niskoemisyjnej energii. Omawiane b\u0119d\u0105 priorytety polityki energetycznej, bariery prawne oraz inicjatywy mi\u0119dzynarodowej wsp\u00f3\u0142pracy, kt\u00f3re mog\u0105 wspiera\u0107 budow\u0119 i rozw\u00f3j infrastruktury j\u0105drowej w regionie.<\/span><\/i><\/p>\n                                <\/div><!-- div modal -->\n                                <a href=\"#modal-5\" data-modaal-type=\"inline\" data-modaal-animation=\"fade\" class=\"more-btn modaal\">Czytaj wi\u0119cej<\/a>\n                                                        <\/div><!-- \/.col-middle-left -->\n                            <div class=\"col-middle-right\">\n                                                    <ul>\n                                                            <li>\n                                    <a href=\"https:\/\/bnef.pl\/2025\/prelegent\/wojciech-jakobik\/\"> \n                                    <img loading=\"lazy\" decoding=\"async\" src=\"https:\/\/bnef.pl\/2025\/wp-content\/uploads\/sites\/7\/2023\/12\/wojciech-jakobik.png\" alt=\"Wojciech Jak\u00f3bik\" height=\"64\" width=\"64\">\n                                    <div class=\"person_desc\">\n                                                                                                                                                                Wojciech Jak\u00f3bik<br \/>\n                                        <span>Moderator, Podcast Energy Drink<\/span>\n                                    <\/div><!-- \/.person_desc -->\n                                    <\/a>\n                                <\/li>\n                                                            <li>\n                                    <a href=\"https:\/\/bnef.pl\/2025\/prelegent\/pawel-gajda\/\"> \n                                    <img loading=\"lazy\" decoding=\"async\" src=\"https:\/\/bnef.pl\/2025\/wp-content\/uploads\/sites\/7\/2023\/12\/pawel-gajda.png\" alt=\"Pawe\u0142 Gajda\" height=\"64\" width=\"64\">\n                                    <div class=\"person_desc\">\n                                                                                                                                                                Pawe\u0142 Gajda<br \/>\n                                        <span>Ministerstwo Przemys\u0142u <\/span>\n                                    <\/div><!-- \/.person_desc -->\n                                    <\/a>\n                                <\/li>\n                                                            <li>\n                                    <a href=\"https:\/\/bnef.pl\/2025\/prelegent\/valerie-faudon\/\"> \n                                    <img loading=\"lazy\" decoding=\"async\" src=\"https:\/\/bnef.pl\/2025\/wp-content\/uploads\/sites\/7\/2025\/02\/faudon.webp\" alt=\"Val\u00e9rie Faudon\" height=\"64\" width=\"64\">\n                                    <div class=\"person_desc\">\n                                                                                                                                                                Val\u00e9rie Faudon<br \/>\n                                        <span>SFEN<\/span>\n                                    <\/div><!-- \/.person_desc -->\n                                    <\/a>\n                                <\/li>\n                                                            <li>\n                                    <a href=\"https:\/\/bnef.pl\/2025\/prelegent\/carl-berglof\/\"> \n                                    <img loading=\"lazy\" decoding=\"async\" src=\"https:\/\/bnef.pl\/2025\/wp-content\/uploads\/sites\/7\/2023\/12\/carl-berglof.png\" alt=\"Carl Bergl\u00f6f\" height=\"64\" width=\"64\">\n                                    <div class=\"person_desc\">\n                                                                                                                                                                Carl Bergl\u00f6f<br \/>\n                                        <span>Koordynator Krajowy ds. Energetyki J\u0105drowej w Szwecji<\/span>\n                                    <\/div><!-- \/.person_desc -->\n                                    <\/a>\n                                <\/li>\n                                                            <li>\n                                    <a href=\"https:\/\/bnef.pl\/2025\/prelegent\/ladislav-havlicek\/\"> \n                                    <img loading=\"lazy\" decoding=\"async\" src=\"https:\/\/bnef.pl\/2025\/wp-content\/uploads\/sites\/7\/2025\/02\/kamil-stevanka.webp\" alt=\"Kamil Stevanka\" height=\"64\" width=\"64\">\n                                    <div class=\"person_desc\">\n                                                                                                                                                                Kamil Stevanka<br \/>\n                                        <span>Ministerstwo Przemys\u0142u i Handlu, Czechy<\/span>\n                                    <\/div><!-- \/.person_desc -->\n                                    <\/a>\n                                <\/li>\n                                                            <li>\n                                    <a href=\"https:\/\/bnef.pl\/2025\/prelegent\/daivis-virbickas\/\"> \n                                    <img loading=\"lazy\" decoding=\"async\" src=\"https:\/\/bnef.pl\/2025\/wp-content\/uploads\/sites\/7\/2025\/02\/daivis.webp\" alt=\"Daivis Virbickas\" height=\"64\" width=\"64\">\n                                    <div class=\"person_desc\">\n                                                                                                                                                                Daivis Virbickas<br \/>\n                                        <span>Litewski Instytut Energetyki<\/span>\n                                    <\/div><!-- \/.person_desc -->\n                                    <\/a>\n                                <\/li>\n                                                    <\/ul>\n                                        <\/div><!-- \/.col-middle-right -->\n                    <\/div><!-- \/.col-middle -->\n                    <\/div><!-- \/.agenda-block -->\n                \n            \n                                    <div class=\"agenda-block\">\n                        <div class=\"col-left\">\n\n                                                    <p class=\"hours\">11:15-11:30<\/p>\n                                                                            <p class=\"duration\">15 minut<\/p>\n                                                \n                        <\/div><!-- \/.col-left -->\n                        <div class=\"col-middle \">\n                                                    <div class=\"col-middle-left single\">\n                                                        <h4>IAEA\u2019s Support for Poland\u2019s Nuclear Future<\/h4>\n                                                                                            <\/div><!-- \/.col-middle-left -->\n                            <div class=\"col-middle-right\">\n                                                    <ul>\n                                                            <li>\n                                    <a href=\"https:\/\/bnef.pl\/2025\/prelegent\/jacek-bylica\/\"> \n                                    <img loading=\"lazy\" decoding=\"async\" src=\"https:\/\/bnef.pl\/2025\/wp-content\/uploads\/sites\/7\/2025\/01\/jacek-bylica.webp\" alt=\"Jacek Bylica\" height=\"64\" width=\"64\">\n                                    <div class=\"person_desc\">\n                                                                                                                                                                Jacek Bylica<br \/>\n                                        <span>Mi\u0119dzynarodowa Agencja Energii Atomowej (tbc)<\/span>\n                                    <\/div><!-- \/.person_desc -->\n                                    <\/a>\n                                <\/li>\n                                                    <\/ul>\n                                        <\/div><!-- \/.col-middle-right -->\n                    <\/div><!-- \/.col-middle -->\n                    <\/div><!-- \/.agenda-block -->\n                \n            \n                                    <div class=\"agenda-block\">\n                        <div class=\"col-left\">\n\n                                                    <p class=\"hours\">11:30-12:00<\/p>\n                                                                            <p class=\"duration\">30 minut<\/p>\n                                                \n                        <\/div><!-- \/.col-left -->\n                        <div class=\"col-middle \">\n                                                    <div class=\"col-middle-left single\">\n                                                        <h4>DEBATA | WIZJA POLSKIEJ TRANSFORMACJI ENERGETYCZNEJ<\/h4>\n                                                                                                <div id=\"modal-7\" style=\"display:none;\">\n                                    <h4>DEBATA | WIZJA POLSKIEJ TRANSFORMACJI ENERGETYCZNEJ<\/h4>\n                                    <p><i><span style=\"font-weight: 400\">Jakie kierunki powinna obra\u0107 Polska, by zapewni\u0107 bezpiecze\u0144stwo i konkurencyjno\u015b\u0107 swojej energetyki? Podczas debaty eksperci om\u00f3wi\u0105 kluczowe aspekty transformacji energetycznej, w tym rozw\u00f3j energetyki j\u0105drowej oraz wyzwania inwestycyjne i regulacyjne.<\/span><\/i><\/p>\n                                <\/div><!-- div modal -->\n                                <a href=\"#modal-7\" data-modaal-type=\"inline\" data-modaal-animation=\"fade\" class=\"more-btn modaal\">Czytaj wi\u0119cej<\/a>\n                                                        <\/div><!-- \/.col-middle-left -->\n                            <div class=\"col-middle-right\">\n                                                    <ul>\n                                                            <li>\n                                    <a href=\"https:\/\/bnef.pl\/2025\/prelegent\/wojciech-jakobik\/\"> \n                                    <img loading=\"lazy\" decoding=\"async\" src=\"https:\/\/bnef.pl\/2025\/wp-content\/uploads\/sites\/7\/2023\/12\/wojciech-jakobik.png\" alt=\"Wojciech Jak\u00f3bik\" height=\"64\" width=\"64\">\n                                    <div class=\"person_desc\">\n                                                                                                                                                                Wojciech Jak\u00f3bik<br \/>\n                                        <span>Moderator, Podcast Energy Drink<\/span>\n                                    <\/div><!-- \/.person_desc -->\n                                    <\/a>\n                                <\/li>\n                                                            <li>\n                                    <a href=\"https:\/\/bnef.pl\/2025\/prelegent\/pawel-gajda\/\"> \n                                    <img loading=\"lazy\" decoding=\"async\" src=\"https:\/\/bnef.pl\/2025\/wp-content\/uploads\/sites\/7\/2023\/12\/pawel-gajda.png\" alt=\"Pawe\u0142 Gajda\" height=\"64\" width=\"64\">\n                                    <div class=\"person_desc\">\n                                                                                                                                                                Pawe\u0142 Gajda<br \/>\n                                        <span>Ministerstwo Przemys\u0142u <\/span>\n                                    <\/div><!-- \/.person_desc -->\n                                    <\/a>\n                                <\/li>\n                                                            <li>\n                                    <a href=\"https:\/\/bnef.pl\/2025\/prelegent\/milosz-motyka\/\"> \n                                    <img loading=\"lazy\" decoding=\"async\" src=\"https:\/\/bnef.pl\/2025\/wp-content\/uploads\/sites\/7\/2024\/01\/milosz-motyka.png\" alt=\"Mi\u0142osz Motyka\" height=\"64\" width=\"64\">\n                                    <div class=\"person_desc\">\n                                                                                                                                                                Mi\u0142osz Motyka<br \/>\n                                        <span>Podsekretarz Stanu w Ministerstwie Klimatu i \u015arodowiska <\/span>\n                                    <\/div><!-- \/.person_desc -->\n                                    <\/a>\n                                <\/li>\n                                                            <li>\n                                    <a href=\"https:\/\/bnef.pl\/2025\/prelegent\/dariusz-marzec\/\"> \n                                    <img loading=\"lazy\" decoding=\"async\" src=\"https:\/\/bnef.pl\/2025\/wp-content\/uploads\/sites\/7\/2025\/03\/Dariusz-Marzec.webp\" alt=\"Dariusz Marzec\" height=\"64\" width=\"64\">\n                                    <div class=\"person_desc\">\n                                                                                                                                                                Dariusz Marzec<br \/>\n                                        <span>PGE Polska Grupa Energetyczna SA<\/span>\n                                    <\/div><!-- \/.person_desc -->\n                                    <\/a>\n                                <\/li>\n                                                    <\/ul>\n                                        <\/div><!-- \/.col-middle-right -->\n                    <\/div><!-- \/.col-middle -->\n                    <\/div><!-- \/.agenda-block -->\n                \n            \n                                    <div class=\"agenda-block\">\n                    <div class=\"col-left\">\n                                                <p class=\"hours\">12:00-12:15<\/p>\n                                                                        <p class=\"duration\">15 minut<\/p>\n                                            <\/div><!-- \/.col-left -->\n                                        <div class=\"col-middle-align\">\n                        <h4>PRZERWA KAWOWA<\/h4>\n                    <\/div><!-- \/.col-middle-align -->\n                                        <div class=\"col-right\">\n                        <img loading=\"lazy\" decoding=\"async\" src=\"https:\/\/bnef.pl\/2025\/wp-content\/themes\/bnef\/assets\/coffee-break.svg\" alt=\"Przerwa kawowa\" height=\"85\" width=\"100\">\n                    <\/div><!-- \/.col-right -->\n                <\/div><!-- \/.agenda-block -->\n                \n            \n                                \n                \n                                <div id=\"sesja-ii\" class=\"agenda-session-block\">\n                                    <h4>Sesja II<\/h4>\n                    <p>BUDOWANIE LOKALNEJ SI\u0141Y W ATOMIE        <\/p>\n                                            <p class=\"hours\">12:15-14:00<\/p>\n                                    <\/div><!-- \/.agenda-session-block -->\n                \n            \n                                    <div class=\"agenda-block\">\n                        <div class=\"col-left\">\n\n                                                    <p class=\"hours\">12:15-12:45<\/p>\n                                                                            <p class=\"duration\">30 minut<\/p>\n                                                                            <p class=\"session\">Sesja II<\/p>\n                        \n                        <\/div><!-- \/.col-left -->\n                        <div class=\"col-middle \">\n                                                    <div class=\"col-middle-left single\">\n                                                        <h4>DEBATA | POMORSKI PROJEKT J\u0104DROWY     <\/h4>\n                                                                                            <\/div><!-- \/.col-middle-left -->\n                            <div class=\"col-middle-right\">\n                                                    <ul>\n                                                            <li>\n                                    <a href=\"https:\/\/bnef.pl\/2025\/prelegent\/wojciech-jakobik\/\"> \n                                    <img loading=\"lazy\" decoding=\"async\" src=\"https:\/\/bnef.pl\/2025\/wp-content\/uploads\/sites\/7\/2023\/12\/wojciech-jakobik.png\" alt=\"Wojciech Jak\u00f3bik\" height=\"64\" width=\"64\">\n                                    <div class=\"person_desc\">\n                                                                                                                                                                Wojciech Jak\u00f3bik<br \/>\n                                        <span>Moderator, Podcast Energy Drink<\/span>\n                                    <\/div><!-- \/.person_desc -->\n                                    <\/a>\n                                <\/li>\n                                                            <li>\n                                    <a href=\"https:\/\/bnef.pl\/2025\/prelegent\/beata-rutkiewicz\/\"> \n                                    <img loading=\"lazy\" decoding=\"async\" src=\"https:\/\/bnef.pl\/2025\/wp-content\/uploads\/sites\/7\/2025\/03\/beata-rutkiewicz.webp\" alt=\"Beata Rutkiewicz\" height=\"64\" width=\"64\">\n                                    <div class=\"person_desc\">\n                                                                                                                                                                Beata Rutkiewicz<br \/>\n                                        <span>Wojewoda Pomorska<\/span>\n                                    <\/div><!-- \/.person_desc -->\n                                    <\/a>\n                                <\/li>\n                                                            <li>\n                                    <a href=\"https:\/\/bnef.pl\/2025\/prelegent\/piotr-piela\/\"> \n                                    <img loading=\"lazy\" decoding=\"async\" src=\"https:\/\/bnef.pl\/2025\/wp-content\/uploads\/sites\/7\/2025\/01\/piotr-piela.webp\" alt=\"Piotr Piela\" height=\"64\" width=\"64\">\n                                    <div class=\"person_desc\">\n                                                                                                                                                                Piotr Piela<br \/>\n                                        <span>Polskie Elektrownie J\u0105drowe<\/span>\n                                    <\/div><!-- \/.person_desc -->\n                                    <\/a>\n                                <\/li>\n                                                            <li>\n                                    <a href=\"https:\/\/bnef.pl\/2025\/prelegent\/miroslaw-kowalik\/\"> \n                                    <img loading=\"lazy\" decoding=\"async\" src=\"https:\/\/bnef.pl\/2025\/wp-content\/uploads\/sites\/7\/2024\/02\/miroslaw-kowalik-1.png\" alt=\"Miros\u0142aw Kowalik\" height=\"64\" width=\"64\">\n                                    <div class=\"person_desc\">\n                                                                                                                                                                Miros\u0142aw Kowalik<br \/>\n                                        <span>Westinghouse Electric Poland Sp. z o.o.<\/span>\n                                    <\/div><!-- \/.person_desc -->\n                                    <\/a>\n                                <\/li>\n                                                            <li>\n                                    <a href=\"https:\/\/bnef.pl\/2025\/prelegent\/leszek-holda\/\"> \n                                    <img loading=\"lazy\" decoding=\"async\" src=\"https:\/\/bnef.pl\/2025\/wp-content\/uploads\/sites\/7\/2024\/02\/leszek-holda.png\" alt=\"Leszek Ho\u0142da\" height=\"64\" width=\"64\">\n                                    <div class=\"person_desc\">\n                                                                                                                                                                Leszek Ho\u0142da<br \/>\n                                        <span>Bechtel Polska Sp. z o.o.<\/span>\n                                    <\/div><!-- \/.person_desc -->\n                                    <\/a>\n                                <\/li>\n                                                    <\/ul>\n                                        <\/div><!-- \/.col-middle-right -->\n                    <\/div><!-- \/.col-middle -->\n                    <\/div><!-- \/.agenda-block -->\n                \n            \n                                    <div class=\"agenda-block\">\n                        <div class=\"col-left\">\n\n                                                    <p class=\"hours\">12:45 \u2013 14:00<\/p>\n                                                                            <p class=\"duration\">75 minut<\/p>\n                                                                            <p class=\"session\">Sesja II<\/p>\n                        \n                        <\/div><!-- \/.col-left -->\n                        <div class=\"col-middle \">\n                                                    <div class=\"col-middle-left single\">\n                                                        <h4>DEBATA | SKUTECZNE STRATEGIE WDRO\u017bENIA LOCAL CONTENT W ENERGETYCE J\u0104DROWEJ. TRANSFER TECHNOLOGII I WIEDZY<\/h4>\n                                                                                                <div id=\"modal-11\" style=\"display:none;\">\n                                    <h4>DEBATA | SKUTECZNE STRATEGIE WDRO\u017bENIA LOCAL CONTENT W ENERGETYCE J\u0104DROWEJ. TRANSFER TECHNOLOGII I WIEDZY<\/h4>\n                                    <p><em>Sesja skoncentruje si\u0119 na sposobach maksymalizacji udzia\u0142u krajowych zasob\u00f3w \u2013 w tym firm, technologii i pracownik\u00f3w \u2013 w realizacji projekt\u00f3w j\u0105drowych. Eksperci oraz liderzy bran\u017cy przeanalizuj\u0105 najlepsze praktyki i narz\u0119dzia wspieraj\u0105ce w\u0142\u0105czanie lokalnych dostawc\u00f3w i specjalist\u00f3w do \u0142a\u0144cucha dostaw, co zwi\u0119ksza korzy\u015bci gospodarcze dla kraju.\u00a0<\/em><\/p>\n                                <\/div><!-- div modal -->\n                                <a href=\"#modal-11\" data-modaal-type=\"inline\" data-modaal-animation=\"fade\" class=\"more-btn modaal\">Czytaj wi\u0119cej<\/a>\n                                                        <\/div><!-- \/.col-middle-left -->\n                            <div class=\"col-middle-right\">\n                                                    <ul>\n                                                            <li>\n                                    <a href=\"https:\/\/bnef.pl\/2025\/prelegent\/monika-silva\/\"> \n                                    <img loading=\"lazy\" decoding=\"async\" src=\"https:\/\/bnef.pl\/2025\/wp-content\/uploads\/sites\/7\/2025\/01\/monika-silva.webp\" alt=\"Monika Silva\" height=\"64\" width=\"64\">\n                                    <div class=\"person_desc\">\n                                                                                                                                                                Monika Silva<br \/>\n                                        <span>Moderatorka, IGEOS Nuclear<\/span>\n                                    <\/div><!-- \/.person_desc -->\n                                    <\/a>\n                                <\/li>\n                                                            <li>\n                                    <a href=\"https:\/\/bnef.pl\/2025\/prelegent\/andrzej-sidlo\/\"> \n                                    <img loading=\"lazy\" decoding=\"async\" src=\"https:\/\/bnef.pl\/2025\/wp-content\/uploads\/sites\/7\/2025\/01\/andrzej-sidlo.webp\" alt=\"Andrzej Sid\u0142o\" height=\"64\" width=\"64\">\n                                    <div class=\"person_desc\">\n                                                                                                                                                                Andrzej Sid\u0142o<br \/>\n                                        <span>Ministerstwo Przemys\u0142u<\/span>\n                                    <\/div><!-- \/.person_desc -->\n                                    <\/a>\n                                <\/li>\n                                                            <li>\n                                    <a href=\"https:\/\/bnef.pl\/2025\/prelegent\/thierry-deschaux\/\"> \n                                    <img loading=\"lazy\" decoding=\"async\" src=\"https:\/\/bnef.pl\/2025\/wp-content\/uploads\/sites\/7\/2024\/03\/thierry-deschaux.png\" alt=\"Thierry Deschaux\" height=\"64\" width=\"64\">\n                                    <div class=\"person_desc\">\n                                                                                                                                                                Thierry Deschaux<br \/>\n                                        <span> EDF Polska<\/span>\n                                    <\/div><!-- \/.person_desc -->\n                                    <\/a>\n                                <\/li>\n                                                            <li>\n                                    <a href=\"https:\/\/bnef.pl\/2025\/prelegent\/anna-kopytowska\/\"> \n                                    <img loading=\"lazy\" decoding=\"async\" src=\"https:\/\/bnef.pl\/2025\/wp-content\/uploads\/sites\/7\/2025\/02\/anna-kopytowska.webp\" alt=\"Anna Kopytowska\" height=\"64\" width=\"64\">\n                                    <div class=\"person_desc\">\n                                                                                                                                                                Anna Kopytowska<br \/>\n                                        <span>Arabelle Solutions<\/span>\n                                    <\/div><!-- \/.person_desc -->\n                                    <\/a>\n                                <\/li>\n                                                            <li>\n                                    <a href=\"https:\/\/bnef.pl\/2025\/prelegent\/agnieszka-skorupinska\/\"> \n                                    <img loading=\"lazy\" decoding=\"async\" src=\"https:\/\/bnef.pl\/2025\/wp-content\/uploads\/sites\/7\/2025\/01\/agnieszka-skorupinska.png.webp\" alt=\"Agnieszka Skorupi\u0144ska\" height=\"64\" width=\"64\">\n                                    <div class=\"person_desc\">\n                                                                                                                                                                Agnieszka Skorupi\u0144ska<br \/>\n                                        <span>Baker McKenzie<\/span>\n                                    <\/div><!-- \/.person_desc -->\n                                    <\/a>\n                                <\/li>\n                                                            <li>\n                                    <a href=\"https:\/\/bnef.pl\/2025\/prelegent\/michal-wierzchowski\/\"> \n                                    <img loading=\"lazy\" decoding=\"async\" src=\"https:\/\/bnef.pl\/2025\/wp-content\/uploads\/sites\/7\/2023\/12\/michal-wierzchowski.png\" alt=\"Micha\u0142 Wierzchowski\" height=\"64\" width=\"64\">\n                                    <div class=\"person_desc\">\n                                                                                                                                                                Micha\u0142 Wierzchowski<br \/>\n                                        <span>Polskie Elektrownie J\u0105drowe Sp. z o.o.<\/span>\n                                    <\/div><!-- \/.person_desc -->\n                                    <\/a>\n                                <\/li>\n                                                            <li>\n                                    <a href=\"https:\/\/bnef.pl\/2025\/prelegent\/joel-a-eacker\/\"> \n                                    <img loading=\"lazy\" decoding=\"async\" src=\"https:\/\/bnef.pl\/2025\/wp-content\/uploads\/sites\/7\/2024\/03\/joel-a-eacker.png\" alt=\"Joel A. Eacker\" height=\"64\" width=\"64\">\n                                    <div class=\"person_desc\">\n                                                                                                                                                                Joel A. Eacker<br \/>\n                                        <span>Westinghouse Electric Company<\/span>\n                                    <\/div><!-- \/.person_desc -->\n                                    <\/a>\n                                <\/li>\n                                                            <li>\n                                    <a href=\"https:\/\/bnef.pl\/2025\/prelegent\/pawel-urbanczyk\/\"> \n                                    <img loading=\"lazy\" decoding=\"async\" src=\"https:\/\/bnef.pl\/2025\/wp-content\/uploads\/sites\/7\/2025\/01\/urbanczyk.webp\" alt=\"Pawe\u0142 Urba\u0144czyk\" height=\"64\" width=\"64\">\n                                    <div class=\"person_desc\">\n                                                                                                                                                                Pawe\u0142 Urba\u0144czyk<br \/>\n                                        <span>Urz\u0105d Dozoru Technicznego<\/span>\n                                    <\/div><!-- \/.person_desc -->\n                                    <\/a>\n                                <\/li>\n                                                            <li>\n                                    <a href=\"https:\/\/bnef.pl\/2025\/prelegent\/przemyslaw-gorzkowski\/\"> \n                                    <img loading=\"lazy\" decoding=\"async\" src=\"https:\/\/bnef.pl\/2025\/wp-content\/uploads\/sites\/7\/2023\/12\/przemyslaw-gorzkowski.png\" alt=\"Przemys\u0142aw Gorzkowski\" height=\"64\" width=\"64\">\n                                    <div class=\"person_desc\">\n                                                                                                                                                                Przemys\u0142aw Gorzkowski<br \/>\n                                        <span>Nuclear PL<\/span>\n                                    <\/div><!-- \/.person_desc -->\n                                    <\/a>\n                                <\/li>\n                                                            <li>\n                                    <a href=\"https:\/\/bnef.pl\/2025\/prelegent\/dan-mcluskie\/\"> \n                                    <img loading=\"lazy\" decoding=\"async\" src=\"https:\/\/bnef.pl\/2025\/wp-content\/uploads\/sites\/7\/2025\/03\/mcluskie.webp\" alt=\"Dan McLuskie\" height=\"64\" width=\"64\">\n                                    <div class=\"person_desc\">\n                                                                                                                                                                Dan McLuskie<br \/>\n                                        <span>Bechtel Polska Sp.z o.o.<\/span>\n                                    <\/div><!-- \/.person_desc -->\n                                    <\/a>\n                                <\/li>\n                                                    <\/ul>\n                                        <\/div><!-- \/.col-middle-right -->\n                    <\/div><!-- \/.col-middle -->\n                    <\/div><!-- \/.agenda-block -->\n                \n            \n                                    <div class=\"agenda-block\">\n                    <div class=\"col-left\">\n                                                <p class=\"hours\">14:00 \u2013 14:45<\/p>\n                                                                        <p class=\"duration\">45 minut<\/p>\n                                            <\/div><!-- \/.col-left -->\n                                        <div class=\"col-middle-align\">\n                        <h4>LUNCH<\/h4>\n                    <\/div><!-- \/.col-middle-align -->\n                                        <div class=\"col-right\">\n                        <img loading=\"lazy\" decoding=\"async\" src=\"https:\/\/bnef.pl\/2025\/wp-content\/themes\/bnef\/assets\/lunch-break.svg\" alt=\"Lunch\" height=\"85\" width=\"100\">\n                    <\/div><!-- \/.col-right -->\n                <\/div><!-- \/.agenda-block -->\n                \n            \n                                \n                \n                                <div id=\"sesja-iii\" class=\"agenda-session-block\">\n                                    <h4>Sesja III<\/h4>\n                    <p>  <\/p>\n                                            <p class=\"hours\">15:00 \u2013 16:00<\/p>\n                                    <\/div><!-- \/.agenda-session-block -->\n                \n            \n                                    <div class=\"agenda-block\">\n                        <div class=\"col-left\">\n\n                                                    <p class=\"hours\">15:00 \u2013 16:00<\/p>\n                                                                            <p class=\"duration\">60 minut<\/p>\n                                                                            <p class=\"session\">Sesja III<\/p>\n                        \n                        <\/div><!-- \/.col-left -->\n                        <div class=\"col-middle \">\n                                                    <div class=\"col-middle-left single\">\n                                                        <h4>TERAZ POLSKA &#8211; Rozw\u00f3j infrastruktury towarzysz\u0105cej elektrowni j\u0105drowej szans\u0105 dla lokalnych dostawc\u00f3w i us\u0142ugodawc\u00f3w. <br \/> Panel dyskusyjny z udzia\u0142em ekspert\u00f3w<\/h4>\n                                                                                                <div id=\"modal-14\" style=\"display:none;\">\n                                    <h4>TERAZ POLSKA &#8211; Rozw\u00f3j infrastruktury towarzysz\u0105cej elektrowni j\u0105drowej szans\u0105 dla lokalnych dostawc\u00f3w i us\u0142ugodawc\u00f3w. <br \/> Panel dyskusyjny z udzia\u0142em ekspert\u00f3w<\/h4>\n                                    <p><em>Sesja po\u015bwi\u0119cona jest projektom infrastrukturalnym towarzysz\u0105cym budowie elektrowni j\u0105drowych, takim jak drogi, sieci przesy\u0142owe, szko\u0142y, szpitale etc. Podczas debaty eksperci om\u00f3wi\u0105 mo\u017cliwo\u015bci i wyzwania dla lokalnych dostawc\u00f3w i us\u0142ugodawc\u00f3w w sektorze j\u0105drowym a tak\u017ce inicjatywy maj\u0105ce na celu u\u0142atwienie lokalnym M\u015aP dost\u0119p do kontrakt\u00f3w zwi\u0105zanych z budow\u0105 i eksploatacj\u0105 elektrowni j\u0105drowych.<\/em><\/p>\n                                <\/div><!-- div modal -->\n                                <a href=\"#modal-14\" data-modaal-type=\"inline\" data-modaal-animation=\"fade\" class=\"more-btn modaal\">Czytaj wi\u0119cej<\/a>\n                                                        <\/div><!-- \/.col-middle-left -->\n                            <div class=\"col-middle-right\">\n                                                    <ul>\n                                                            <li>\n                                    <a href=\"https:\/\/bnef.pl\/2025\/prelegent\/grzegorz-nawrocki\/\"> \n                                    <img loading=\"lazy\" decoding=\"async\" src=\"https:\/\/bnef.pl\/2025\/wp-content\/uploads\/sites\/7\/2025\/01\/Grzegorz-Nawrocki.webp\" alt=\"Grzegorz Nawrocki\" height=\"64\" width=\"64\">\n                                    <div class=\"person_desc\">\n                                                                                                                                                                Grzegorz Nawrocki<br \/>\n                                        <span>Moderator, TVP<\/span>\n                                    <\/div><!-- \/.person_desc -->\n                                    <\/a>\n                                <\/li>\n                                                            <li>\n                                    <a href=\"https:\/\/bnef.pl\/2025\/prelegent\/jacek-karnowski\/\"> \n                                    <img loading=\"lazy\" decoding=\"async\" src=\"https:\/\/bnef.pl\/2025\/wp-content\/uploads\/sites\/7\/2025\/02\/jacek-karnowski.webp\" alt=\"Jacek Karnowski\" height=\"64\" width=\"64\">\n                                    <div class=\"person_desc\">\n                                                                                                                                                                Jacek Karnowski<br \/>\n                                        <span>Ministerstwo Funduszy i Polityki Regionalnej<\/span>\n                                    <\/div><!-- \/.person_desc -->\n                                    <\/a>\n                                <\/li>\n                                                            <li>\n                                    <a href=\"https:\/\/bnef.pl\/2025\/prelegent\/robert-paprocki\/\"> \n                                    <img loading=\"lazy\" decoding=\"async\" src=\"https:\/\/bnef.pl\/2025\/wp-content\/uploads\/sites\/7\/2025\/01\/robert-paprocki.png.webp\" alt=\"Robert Paprocki\" height=\"64\" width=\"64\">\n                                    <div class=\"person_desc\">\n                                                                                                                                                                Robert Paprocki<br \/>\n                                        <span>Polskie Sieci Elektroenergetyczne S.A.<\/span>\n                                    <\/div><!-- \/.person_desc -->\n                                    <\/a>\n                                <\/li>\n                                                            <li>\n                                    <a href=\"https:\/\/bnef.pl\/2025\/prelegent\/alan-jackson\/\"> \n                                    <img loading=\"lazy\" decoding=\"async\" src=\"https:\/\/bnef.pl\/2025\/wp-content\/uploads\/sites\/7\/2025\/01\/alan-jackson.webp\" alt=\"Alan Jackson\" height=\"64\" width=\"64\">\n                                    <div class=\"person_desc\">\n                                                                                                                                                                Alan Jackson<br \/>\n                                        <span>Amentum Energy<\/span>\n                                    <\/div><!-- \/.person_desc -->\n                                    <\/a>\n                                <\/li>\n                                                            <li>\n                                    <a href=\"https:\/\/bnef.pl\/2025\/prelegent\/pawel-wozniak-2\/\"> \n                                    <img loading=\"lazy\" decoding=\"async\" src=\"https:\/\/bnef.pl\/2025\/wp-content\/uploads\/sites\/7\/2025\/02\/pawel-wozniak.webp\" alt=\"Pawe\u0142 Wo\u017aniak\" height=\"64\" width=\"64\">\n                                    <div class=\"person_desc\">\n                                                                                                                                                                Pawe\u0142 Wo\u017aniak<br \/>\n                                        <span>Generalna Dyrekcja Dr\u00f3g Krajowych i Autostrad<\/span>\n                                    <\/div><!-- \/.person_desc -->\n                                    <\/a>\n                                <\/li>\n                                                    <\/ul>\n                                        <\/div><!-- \/.col-middle-right -->\n                    <\/div><!-- \/.col-middle -->\n                    <\/div><!-- \/.agenda-block -->\n                \n            \n                                \n                \n                                <div id=\"sesja-iv\" class=\"agenda-session-block\">\n                                    <h4>Sesja IV<\/h4>\n                    <p>  <\/p>\n                                            <p class=\"hours\">16:00\u2013 17:00<\/p>\n                                    <\/div><!-- \/.agenda-session-block -->\n                \n            \n                                    <div class=\"agenda-block\">\n                        <div class=\"col-left\">\n\n                                                    <p class=\"hours\">16:00\u2013 17:00<\/p>\n                                                                            <p class=\"duration\">60 minut<\/p>\n                                                                            <p class=\"session\">Sesja IV<\/p>\n                        \n                        <\/div><!-- \/.col-left -->\n                        <div class=\"col-middle \">\n                                                    <div class=\"col-middle-left single\">\n                                                        <h4>ATOM DLA CIEP\u0141A &#8211; Nowa era w polskim ciep\u0142ownictwie. <br \/> Panel dyskusyjny z udzia\u0142em ekspert\u00f3w<\/h4>\n                                                                                                <div id=\"modal-16\" style=\"display:none;\">\n                                    <h4>ATOM DLA CIEP\u0141A &#8211; Nowa era w polskim ciep\u0142ownictwie. <br \/> Panel dyskusyjny z udzia\u0142em ekspert\u00f3w<\/h4>\n                                    <p><em>Sesja po\u015bwi\u0119cona jest roli energetyki j\u0105drowej w\u00a0transformacji polskiego ciep\u0142ownictwa oraz potencjalnym korzy\u015bciom z wykorzystania reaktor\u00f3w j\u0105drowych do produkcji ciep\u0142a. Eksperci om\u00f3wi\u0105, jak technologie j\u0105drowe \u2013 w tym ma\u0142e reaktory modu\u0142owe (SMR) \u2013 mog\u0105 sta\u0107 si\u0119 stabilnym i niskoemisyjnym \u017ar\u00f3d\u0142em ciep\u0142a dla przemys\u0142u i\u00a0gospodarstw domowych, wpisuj\u0105c si\u0119 w strategi\u0119 dekarbonizacji kraju.<\/em><\/p>\n                                <\/div><!-- div modal -->\n                                <a href=\"#modal-16\" data-modaal-type=\"inline\" data-modaal-animation=\"fade\" class=\"more-btn modaal\">Czytaj wi\u0119cej<\/a>\n                                                        <\/div><!-- \/.col-middle-left -->\n                            <div class=\"col-middle-right\">\n                                                    <ul>\n                                                            <li>\n                                    <a href=\"https:\/\/bnef.pl\/2025\/prelegent\/marcin-jaskolski\/\"> \n                                    <img loading=\"lazy\" decoding=\"async\" src=\"https:\/\/bnef.pl\/2025\/wp-content\/uploads\/sites\/7\/2023\/12\/marcin-jaskolski.png\" alt=\"Marcin Jask\u00f3lski\" height=\"64\" width=\"64\">\n                                    <div class=\"person_desc\">\n                                                                                                                                                                Marcin Jask\u00f3lski<br \/>\n                                        <span>Politechnika Gda\u0144ska<\/span>\n                                    <\/div><!-- \/.person_desc -->\n                                    <\/a>\n                                <\/li>\n                                                            <li>\n                                    <a href=\"https:\/\/bnef.pl\/2025\/prelegent\/maciej-lipka\/\"> \n                                    <img loading=\"lazy\" decoding=\"async\" src=\"https:\/\/bnef.pl\/2025\/wp-content\/uploads\/sites\/7\/2023\/12\/maciej-lipka.png\" alt=\"Maciej Lipka\" height=\"64\" width=\"64\">\n                                    <div class=\"person_desc\">\n                                                                                                                                                                Maciej Lipka<br \/>\n                                        <span>Nuclear PL Sp. z o.o., Fundacja nuclear.pl<\/span>\n                                    <\/div><!-- \/.person_desc -->\n                                    <\/a>\n                                <\/li>\n                                                            <li>\n                                    <a href=\"https:\/\/bnef.pl\/2025\/prelegent\/miroslaw-syta\/\"> \n                                    <img loading=\"lazy\" decoding=\"async\" src=\"https:\/\/bnef.pl\/2025\/wp-content\/uploads\/sites\/7\/2025\/03\/syta.webp\" alt=\"Miros\u0142aw Syta\" height=\"64\" width=\"64\">\n                                    <div class=\"person_desc\">\n                                                                                                                                                                Miros\u0142aw Syta<br \/>\n                                        <span>PGE Polska Grupa Energetyczna S.A.<\/span>\n                                    <\/div><!-- \/.person_desc -->\n                                    <\/a>\n                                <\/li>\n                                                            <li>\n                                    <a href=\"https:\/\/bnef.pl\/2025\/prelegent\/lukasz-bartela\/\"> \n                                    <img loading=\"lazy\" decoding=\"async\" src=\"https:\/\/bnef.pl\/2025\/wp-content\/uploads\/sites\/7\/2025\/01\/lukasz-bartela.png.webp\" alt=\"\u0141ukasz Bartela\" height=\"64\" width=\"64\">\n                                    <div class=\"person_desc\">\n                                                                                                                                                                \u0141ukasz Bartela<br \/>\n                                        <span>Politechnika \u015al\u0105ska<\/span>\n                                    <\/div><!-- \/.person_desc -->\n                                    <\/a>\n                                <\/li>\n                                                            <li>\n                                    <a href=\"https:\/\/bnef.pl\/2025\/prelegent\/arkadiusz-ratajczak\/\"> \n                                    <img loading=\"lazy\" decoding=\"async\" src=\"https:\/\/bnef.pl\/2025\/wp-content\/uploads\/sites\/7\/2025\/01\/arkadiusz-ratajczak.png.webp\" alt=\"Arkadiusz Ratajczak\" height=\"64\" width=\"64\">\n                                    <div class=\"person_desc\">\n                                                                                                                                                                Arkadiusz Ratajczak<br \/>\n                                        <span>Baker McKenzie<\/span>\n                                    <\/div><!-- \/.person_desc -->\n                                    <\/a>\n                                <\/li>\n                                                    <\/ul>\n                                        <\/div><!-- \/.col-middle-right -->\n                    <\/div><!-- \/.col-middle -->\n                    <\/div><!-- \/.agenda-block -->\n                \n            \n                                \n                \n                                <div id=\"sesja-v\" class=\"agenda-session-block\">\n                                    <h4>Sesja V<\/h4>\n                    <p> <\/p>\n                                            <p class=\"hours\">17:00 \u2013 18:00<\/p>\n                                    <\/div><!-- \/.agenda-session-block -->\n                \n            \n                                    <div class=\"agenda-block\">\n                        <div class=\"col-left\">\n\n                                                    <p class=\"hours\">17:00 \u2013 18:00<\/p>\n                                                                            <p class=\"duration\">60 minut<\/p>\n                                                                            <p class=\"session\">Sesja V<\/p>\n                        \n                        <\/div><!-- \/.col-left -->\n                        <div class=\"col-middle \">\n                                                    <div class=\"col-middle-left single\">\n                                                        <h4>SI\u0141A W LUDZIACH: Kszta\u0142cenie kadry dla rozwoju przemys\u0142u nuklearnego. <br \/> Panel dyskusyjny z udzia\u0142em ekspert\u00f3w<\/h4>\n                                                                                                <div id=\"modal-18\" style=\"display:none;\">\n                                    <h4>SI\u0141A W LUDZIACH: Kszta\u0142cenie kadry dla rozwoju przemys\u0142u nuklearnego. <br \/> Panel dyskusyjny z udzia\u0142em ekspert\u00f3w<\/h4>\n                                    <p><em>Podczas sesji przedstawione zostan\u0105 kwestie zwi\u0105zane z potrzeb\u0105 tworzenia program\u00f3w szkoleniowych i edukacyjnych przygotowuj\u0105cych do pracy w energetyce j\u0105drowej. Om\u00f3wione zostan\u0105 zagadnienia zwi\u0105zane z wsp\u00f3\u0142prac\u0105 z lokalnymi uczelniami i szko\u0142ami technicznymi w celu rozwijania kompetencji potrzebnych w sektorze j\u0105drowym a tak\u017ce d\u0142ugofalowe strategie kszta\u0142cenia.<\/em><\/p>\n                                <\/div><!-- div modal -->\n                                <a href=\"#modal-18\" data-modaal-type=\"inline\" data-modaal-animation=\"fade\" class=\"more-btn modaal\">Czytaj wi\u0119cej<\/a>\n                                                        <\/div><!-- \/.col-middle-left -->\n                            <div class=\"col-middle-right\">\n                                                    <ul>\n                                                            <li>\n                                    <a href=\"https:\/\/bnef.pl\/2025\/prelegent\/mikolaj-oettingen\/\"> \n                                    <img loading=\"lazy\" decoding=\"async\" src=\"https:\/\/bnef.pl\/2025\/wp-content\/uploads\/sites\/7\/2024\/11\/mikolaj-oettingen.webp\" alt=\"Miko\u0142aj Oettingen\" height=\"64\" width=\"64\">\n                                    <div class=\"person_desc\">\n                                                                                                                                                                Miko\u0142aj Oettingen<br \/>\n                                        <span>Akademia G\u00f3rniczo-Hutnicza im. Stanis\u0142awa Staszica w Krakowie<\/span>\n                                    <\/div><!-- \/.person_desc -->\n                                    <\/a>\n                                <\/li>\n                                                            <li>\n                                    <a href=\"https:\/\/bnef.pl\/2025\/prelegent\/marcin-jaskolski\/\"> \n                                    <img loading=\"lazy\" decoding=\"async\" src=\"https:\/\/bnef.pl\/2025\/wp-content\/uploads\/sites\/7\/2023\/12\/marcin-jaskolski.png\" alt=\"Marcin Jask\u00f3lski\" height=\"64\" width=\"64\">\n                                    <div class=\"person_desc\">\n                                                                                                                                                                Marcin Jask\u00f3lski<br \/>\n                                        <span>Politechnika Gda\u0144ska<\/span>\n                                    <\/div><!-- \/.person_desc -->\n                                    <\/a>\n                                <\/li>\n                                                            <li>\n                                    <a href=\"https:\/\/bnef.pl\/2025\/prelegent\/dagmara-struminska-parulska\/\"> \n                                    <img loading=\"lazy\" decoding=\"async\" src=\"https:\/\/bnef.pl\/2025\/wp-content\/uploads\/sites\/7\/2023\/12\/dagmara-struminska-parulska.png\" alt=\"Dagmara Strumi\u0144ska-Parulska, prof. UG\" height=\"64\" width=\"64\">\n                                    <div class=\"person_desc\">\n                                                                                dr hab.                                                                                Dagmara Strumi\u0144ska-Parulska, prof. UG<br \/>\n                                        <span>Uniwersytet Gda\u0144ski<\/span>\n                                    <\/div><!-- \/.person_desc -->\n                                    <\/a>\n                                <\/li>\n                                                            <li>\n                                    <a href=\"https:\/\/bnef.pl\/2025\/prelegent\/lukasz-bartela\/\"> \n                                    <img loading=\"lazy\" decoding=\"async\" src=\"https:\/\/bnef.pl\/2025\/wp-content\/uploads\/sites\/7\/2025\/01\/lukasz-bartela.png.webp\" alt=\"\u0141ukasz Bartela\" height=\"64\" width=\"64\">\n                                    <div class=\"person_desc\">\n                                                                                                                                                                \u0141ukasz Bartela<br \/>\n                                        <span>Politechnika \u015al\u0105ska<\/span>\n                                    <\/div><!-- \/.person_desc -->\n                                    <\/a>\n                                <\/li>\n                                                            <li>\n                                    <a href=\"https:\/\/bnef.pl\/2025\/prelegent\/pavel-gabriel-lazaro\/\"> \n                                    <img loading=\"lazy\" decoding=\"async\" src=\"https:\/\/bnef.pl\/2025\/wp-content\/uploads\/sites\/7\/2025\/02\/pavel.webp\" alt=\"Pavel Gabriel-Lazaro\" height=\"64\" width=\"64\">\n                                    <div class=\"person_desc\">\n                                                                                                                                                                Pavel Gabriel-Lazaro<br \/>\n                                        <span>European Nuclear Education Network<\/span>\n                                    <\/div><!-- \/.person_desc -->\n                                    <\/a>\n                                <\/li>\n                                                            <li>\n                                    <a href=\"https:\/\/bnef.pl\/2025\/prelegent\/adam-kisiel\/\"> \n                                    <img loading=\"lazy\" decoding=\"async\" src=\"https:\/\/bnef.pl\/2025\/wp-content\/uploads\/sites\/7\/2025\/01\/kisiel.webp\" alt=\"Adam Kisiel\" height=\"64\" width=\"64\">\n                                    <div class=\"person_desc\">\n                                                                                prof.                                                                                Adam Kisiel<br \/>\n                                        <span>Politechnika Warszawska<\/span>\n                                    <\/div><!-- \/.person_desc -->\n                                    <\/a>\n                                <\/li>\n                                                            <li>\n                                    <a href=\"https:\/\/bnef.pl\/2025\/prelegent\/dorota-niedziolka\/\"> \n                                    <img loading=\"lazy\" decoding=\"async\" src=\"https:\/\/bnef.pl\/2025\/wp-content\/uploads\/sites\/7\/2025\/03\/niedziolka.webp\" alt=\"Dorota Niedzi\u00f3\u0142ka\" height=\"64\" width=\"64\">\n                                    <div class=\"person_desc\">\n                                                                                                                                                                Dorota Niedzi\u00f3\u0142ka<br \/>\n                                        <span>Szko\u0142a G\u0142\u00f3wna Handlowa w Warszawie<\/span>\n                                    <\/div><!-- \/.person_desc -->\n                                    <\/a>\n                                <\/li>\n                                                    <\/ul>\n                                        <\/div><!-- \/.col-middle-right -->\n                    <\/div><!-- \/.col-middle -->\n                    <\/div><!-- \/.agenda-block -->\n                \n            \n                                    <div class=\"agenda-block\">\n                    <div class=\"col-left\">\n                                                <p class=\"hours\">20:00 &#8211; 24:00<\/p>\n                                                                    <\/div><!-- \/.col-left -->\n                    <div class=\"col-middle \">\n                                                    <div class=\"col-middle-left single\">\n                                                        <h4>BANKIET NETWORKINGOWY<\/h4>\n                                                                                                <div id=\"modal-19\" style=\"display:none;\">\n                                    <h4>BANKIET NETWORKINGOWY<\/h4>\n                                    <p>Zapraszamy na niezapomniany <strong>bankiet w XVIII-wiecznych <\/strong><strong>piwnicach Wielkiej Zbrojowni w Gda\u0144sku<\/strong>. B\u0119dzie to doskona\u0142a okazja do nawi\u0105zania nowych kontakt\u00f3w i wymiany my\u015bli\u00a0 w niepowtarzalnej atmosferze historycznych wn\u0119trz.<\/p>\n<p>\ud83d\udccd <strong>Lokalizacja:<\/strong> Piwnice Wielkiej Zbrojowni, ul. Targ W\u0119glowy 6, Gda\u0144sk<br \/>\n\ud83d\udcc5 <strong>Data:<\/strong> \u00a018.03.2025<br \/>\n\ud83d\udd57 <strong>Godzina:<\/strong> 20.00 \u2013 24:00<\/p>\n<p>Gwarantujemy wiecz\u00f3r\u00a0 pe\u0142en niezapomnianych wra\u017ce\u0144, a przede wszystkim wyj\u0105tkow\u0105 okazj\u0119, by swobodnej atmosferze kontynuowa\u0107 rozmowy i nawi\u0105zywa\u0107 nowe relacje.<\/p>\n<p>\ud83d\udd39 Bankiet jest dost\u0119pny dla os\u00f3b posiadaj\u0105cych pakiet \u201eKonferencja ze \u015aniadaniem i Bankietem\u201d oraz zaproszonych Go\u015bci.<\/p>\n                                <\/div><!-- div modal -->\n                                <a href=\"#modal-19\" data-modaal-type=\"inline\" data-modaal-animation=\"fade\" class=\"more-btn modaal\">Czytaj wi\u0119cej<\/a>\n                                                    <\/div><!-- \/.col-middle-left -->\n                    <div class=\"col-right\">\n                        <img loading=\"lazy\" decoding=\"async\" src=\"https:\/\/bnef.pl\/2025\/wp-content\/themes\/bnef\/assets\/networking.svg\" alt=\"Networking\" height=\"85\" width=\"100\">\n                    <\/div><!-- \/.col-right -->\n                <\/div><!-- \/.col-middle -->\n                <\/div><!-- \/.agenda-block -->\n                \n                        <\/div><!-- \/.site-agenda-container -->\n        \n            <div class=\"buttons-container\">\n\n                        <a class=\"day-button\" href=\"https:\/\/bnef.pl\/2025\/agenda\/warsztaty\/\">\n                    Poprzedni dzie\u0144                <\/a>\n            \n            \n            <\/div><!-- \/.buttons-container -->\n\n<\/div><!-- \/.site-agenda -->\n","protected":false},"excerpt":{"rendered":"","protected":false},"author":1,"featured_media":139,"parent":191,"menu_order":1,"comment_status":"closed","ping_status":"closed","template":"template-pages\/page-agenda.php","meta":{"_acf_changed":false,"footnotes":""},"class_list":["post-193","page","type-page","status-publish","has-post-thumbnail","hentry"],"acf":[],"yoast_head":"<!-- This site is optimized with the Yoast SEO plugin v28.3 - https:\/\/yoast.com\/product\/yoast-seo-wordpress\/ -->\n<title>Dzie\u0144 1 BNEF<\/title>\n<meta name=\"description\" content=\"Dzie\u0144 1 Baltic Nuclear Energy Forum (BNEF) - konferencji po\u015bwi\u0119conej energetyce j\u0105drowej odbywaj\u0105cej si\u0119 w Gda\u0144sku w dniach 18-22 marca 2024r.\" \/>\n<meta name=\"robots\" content=\"index, follow, max-snippet:-1, max-image-preview:large, max-video-preview:-1\" \/>\n<link rel=\"canonical\" href=\"https:\/\/bnef.pl\/2025\/agenda\/dzien-1\/\" \/>\n<meta property=\"og:locale\" content=\"pl_PL\" \/>\n<meta property=\"og:type\" content=\"article\" \/>\n<meta property=\"og:title\" content=\"Dzie\u0144 1 BNEF\" \/>\n<meta property=\"og:description\" content=\"Dzie\u0144 1 Baltic Nuclear Energy Forum (BNEF) - konferencji po\u015bwi\u0119conej energetyce j\u0105drowej odbywaj\u0105cej si\u0119 w Gda\u0144sku w dniach 18-22 marca 2024r.\" \/>\n<meta property=\"og:url\" content=\"https:\/\/bnef.pl\/2025\/agenda\/dzien-1\/\" \/>\n<meta property=\"og:site_name\" content=\"Baltic Nuclear Energy Forum - 2025\" \/>\n<meta property=\"article:modified_time\" content=\"2025-03-18T08:23:56+00:00\" \/>\n<meta property=\"og:image\" content=\"https:\/\/bnef.pl\/2025\/wp-content\/uploads\/sites\/7\/2023\/11\/agenda-bg.png\" \/>\n\t<meta property=\"og:image:width\" content=\"1920\" \/>\n\t<meta property=\"og:image:height\" content=\"350\" \/>\n\t<meta property=\"og:image:type\" content=\"image\/png\" \/>\n<meta name=\"twitter:card\" content=\"summary_large_image\" \/>\n<meta name=\"twitter:label1\" content=\"Szacowany czas czytania\" \/>\n\t<meta name=\"twitter:data1\" content=\"1 minuta\" \/>\n<script type=\"application\/ld+json\" class=\"yoast-schema-graph\">{\"@context\":\"https:\\\/\\\/schema.org\",\"@graph\":[{\"@type\":\"WebPage\",\"@id\":\"https:\\\/\\\/bnef.pl\\\/2025\\\/agenda\\\/dzien-1\\\/\",\"url\":\"https:\\\/\\\/bnef.pl\\\/2025\\\/agenda\\\/dzien-1\\\/\",\"name\":\"Dzie\u0144 1 BNEF\",\"isPartOf\":{\"@id\":\"https:\\\/\\\/bnef.pl\\\/2025\\\/#website\"},\"primaryImageOfPage\":{\"@id\":\"https:\\\/\\\/bnef.pl\\\/2025\\\/agenda\\\/dzien-1\\\/#primaryimage\"},\"image\":{\"@id\":\"https:\\\/\\\/bnef.pl\\\/2025\\\/agenda\\\/dzien-1\\\/#primaryimage\"},\"thumbnailUrl\":\"https:\\\/\\\/bnef.pl\\\/2025\\\/wp-content\\\/uploads\\\/sites\\\/7\\\/2023\\\/11\\\/agenda-bg.png\",\"datePublished\":\"2023-12-02T14:28:29+00:00\",\"dateModified\":\"2025-03-18T08:23:56+00:00\",\"description\":\"Dzie\u0144 1 Baltic Nuclear Energy Forum (BNEF) - konferencji po\u015bwi\u0119conej energetyce j\u0105drowej odbywaj\u0105cej si\u0119 w Gda\u0144sku w dniach 18-22 marca 2024r.\",\"breadcrumb\":{\"@id\":\"https:\\\/\\\/bnef.pl\\\/2025\\\/agenda\\\/dzien-1\\\/#breadcrumb\"},\"inLanguage\":\"pl-PL\",\"potentialAction\":[{\"@type\":\"ReadAction\",\"target\":[\"https:\\\/\\\/bnef.pl\\\/2025\\\/agenda\\\/dzien-1\\\/\"]}]},{\"@type\":\"ImageObject\",\"inLanguage\":\"pl-PL\",\"@id\":\"https:\\\/\\\/bnef.pl\\\/2025\\\/agenda\\\/dzien-1\\\/#primaryimage\",\"url\":\"https:\\\/\\\/bnef.pl\\\/2025\\\/wp-content\\\/uploads\\\/sites\\\/7\\\/2023\\\/11\\\/agenda-bg.png\",\"contentUrl\":\"https:\\\/\\\/bnef.pl\\\/2025\\\/wp-content\\\/uploads\\\/sites\\\/7\\\/2023\\\/11\\\/agenda-bg.png\",\"width\":1920,\"height\":350},{\"@type\":\"BreadcrumbList\",\"@id\":\"https:\\\/\\\/bnef.pl\\\/2025\\\/agenda\\\/dzien-1\\\/#breadcrumb\",\"itemListElement\":[{\"@type\":\"ListItem\",\"position\":1,\"name\":\"Strona g\u0142\u00f3wna\",\"item\":\"https:\\\/\\\/bnef.pl\\\/2025\\\/\"},{\"@type\":\"ListItem\",\"position\":2,\"name\":\"Agenda\",\"item\":\"https:\\\/\\\/bnef.pl\\\/2025\\\/agenda\\\/\"},{\"@type\":\"ListItem\",\"position\":3,\"name\":\"Dzie\u0144 1\"}]},{\"@type\":\"WebSite\",\"@id\":\"https:\\\/\\\/bnef.pl\\\/2025\\\/#website\",\"url\":\"https:\\\/\\\/bnef.pl\\\/2025\\\/\",\"name\":\"Baltic Nuclear Energy Forum\",\"description\":\"\",\"publisher\":{\"@id\":\"https:\\\/\\\/bnef.pl\\\/2025\\\/#organization\"},\"potentialAction\":[{\"@type\":\"SearchAction\",\"target\":{\"@type\":\"EntryPoint\",\"urlTemplate\":\"https:\\\/\\\/bnef.pl\\\/2025\\\/?s={search_term_string}\"},\"query-input\":{\"@type\":\"PropertyValueSpecification\",\"valueRequired\":true,\"valueName\":\"search_term_string\"}}],\"inLanguage\":\"pl-PL\"},{\"@type\":\"Organization\",\"@id\":\"https:\\\/\\\/bnef.pl\\\/2025\\\/#organization\",\"name\":\"Baltic Nuclear Energy Forum\",\"url\":\"https:\\\/\\\/bnef.pl\\\/2025\\\/\",\"logo\":{\"@type\":\"ImageObject\",\"inLanguage\":\"pl-PL\",\"@id\":\"https:\\\/\\\/bnef.pl\\\/2025\\\/#\\\/schema\\\/logo\\\/image\\\/\",\"url\":\"https:\\\/\\\/bnef.pl\\\/2025\\\/wp-content\\\/uploads\\\/sites\\\/7\\\/2024\\\/01\\\/BNEF_logo.png\",\"contentUrl\":\"https:\\\/\\\/bnef.pl\\\/2025\\\/wp-content\\\/uploads\\\/sites\\\/7\\\/2024\\\/01\\\/BNEF_logo.png\",\"width\":500,\"height\":500,\"caption\":\"Baltic Nuclear Energy Forum\"},\"image\":{\"@id\":\"https:\\\/\\\/bnef.pl\\\/2025\\\/#\\\/schema\\\/logo\\\/image\\\/\"},\"sameAs\":[\"https:\\\/\\\/www.linkedin.com\\\/showcase\\\/baltic-nuclear-energy-forum\\\/\",\"https:\\\/\\\/www.youtube.com\\\/@balticnuclearenergyforum\"]}]}<\/script>\n<!-- \/ Yoast SEO plugin. -->","yoast_head_json":{"title":"Dzie\u0144 1 BNEF","description":"Dzie\u0144 1 Baltic Nuclear Energy Forum (BNEF) - konferencji po\u015bwi\u0119conej energetyce j\u0105drowej odbywaj\u0105cej si\u0119 w Gda\u0144sku w dniach 18-22 marca 2024r.","robots":{"index":"index","follow":"follow","max-snippet":"max-snippet:-1","max-image-preview":"max-image-preview:large","max-video-preview":"max-video-preview:-1"},"canonical":"https:\/\/bnef.pl\/2025\/agenda\/dzien-1\/","og_locale":"pl_PL","og_type":"article","og_title":"Dzie\u0144 1 BNEF","og_description":"Dzie\u0144 1 Baltic Nuclear Energy Forum (BNEF) - konferencji po\u015bwi\u0119conej energetyce j\u0105drowej odbywaj\u0105cej si\u0119 w Gda\u0144sku w dniach 18-22 marca 2024r.","og_url":"https:\/\/bnef.pl\/2025\/agenda\/dzien-1\/","og_site_name":"Baltic Nuclear Energy Forum - 2025","article_modified_time":"2025-03-18T08:23:56+00:00","og_image":[{"width":1920,"height":350,"url":"https:\/\/bnef.pl\/2025\/wp-content\/uploads\/sites\/7\/2023\/11\/agenda-bg.png","type":"image\/png"}],"twitter_card":"summary_large_image","twitter_misc":{"Szacowany czas czytania":"1 minuta"},"schema":{"@context":"https:\/\/schema.org","@graph":[{"@type":"WebPage","@id":"https:\/\/bnef.pl\/2025\/agenda\/dzien-1\/","url":"https:\/\/bnef.pl\/2025\/agenda\/dzien-1\/","name":"Dzie\u0144 1 BNEF","isPartOf":{"@id":"https:\/\/bnef.pl\/2025\/#website"},"primaryImageOfPage":{"@id":"https:\/\/bnef.pl\/2025\/agenda\/dzien-1\/#primaryimage"},"image":{"@id":"https:\/\/bnef.pl\/2025\/agenda\/dzien-1\/#primaryimage"},"thumbnailUrl":"https:\/\/bnef.pl\/2025\/wp-content\/uploads\/sites\/7\/2023\/11\/agenda-bg.png","datePublished":"2023-12-02T14:28:29+00:00","dateModified":"2025-03-18T08:23:56+00:00","description":"Dzie\u0144 1 Baltic Nuclear Energy Forum (BNEF) - konferencji po\u015bwi\u0119conej energetyce j\u0105drowej odbywaj\u0105cej si\u0119 w Gda\u0144sku w dniach 18-22 marca 2024r.","breadcrumb":{"@id":"https:\/\/bnef.pl\/2025\/agenda\/dzien-1\/#breadcrumb"},"inLanguage":"pl-PL","potentialAction":[{"@type":"ReadAction","target":["https:\/\/bnef.pl\/2025\/agenda\/dzien-1\/"]}]},{"@type":"ImageObject","inLanguage":"pl-PL","@id":"https:\/\/bnef.pl\/2025\/agenda\/dzien-1\/#primaryimage","url":"https:\/\/bnef.pl\/2025\/wp-content\/uploads\/sites\/7\/2023\/11\/agenda-bg.png","contentUrl":"https:\/\/bnef.pl\/2025\/wp-content\/uploads\/sites\/7\/2023\/11\/agenda-bg.png","width":1920,"height":350},{"@type":"BreadcrumbList","@id":"https:\/\/bnef.pl\/2025\/agenda\/dzien-1\/#breadcrumb","itemListElement":[{"@type":"ListItem","position":1,"name":"Strona g\u0142\u00f3wna","item":"https:\/\/bnef.pl\/2025\/"},{"@type":"ListItem","position":2,"name":"Agenda","item":"https:\/\/bnef.pl\/2025\/agenda\/"},{"@type":"ListItem","position":3,"name":"Dzie\u0144 1"}]},{"@type":"WebSite","@id":"https:\/\/bnef.pl\/2025\/#website","url":"https:\/\/bnef.pl\/2025\/","name":"Baltic Nuclear Energy Forum","description":"","publisher":{"@id":"https:\/\/bnef.pl\/2025\/#organization"},"potentialAction":[{"@type":"SearchAction","target":{"@type":"EntryPoint","urlTemplate":"https:\/\/bnef.pl\/2025\/?s={search_term_string}"},"query-input":{"@type":"PropertyValueSpecification","valueRequired":true,"valueName":"search_term_string"}}],"inLanguage":"pl-PL"},{"@type":"Organization","@id":"https:\/\/bnef.pl\/2025\/#organization","name":"Baltic Nuclear Energy Forum","url":"https:\/\/bnef.pl\/2025\/","logo":{"@type":"ImageObject","inLanguage":"pl-PL","@id":"https:\/\/bnef.pl\/2025\/#\/schema\/logo\/image\/","url":"https:\/\/bnef.pl\/2025\/wp-content\/uploads\/sites\/7\/2024\/01\/BNEF_logo.png","contentUrl":"https:\/\/bnef.pl\/2025\/wp-content\/uploads\/sites\/7\/2024\/01\/BNEF_logo.png","width":500,"height":500,"caption":"Baltic Nuclear Energy Forum"},"image":{"@id":"https:\/\/bnef.pl\/2025\/#\/schema\/logo\/image\/"},"sameAs":["https:\/\/www.linkedin.com\/showcase\/baltic-nuclear-energy-forum\/","https:\/\/www.youtube.com\/@balticnuclearenergyforum"]}]}},"_links":{"self":[{"href":"https:\/\/bnef.pl\/2025\/wp-json\/wp\/v2\/pages\/193","targetHints":{"allow":["GET"]}}],"collection":[{"href":"https:\/\/bnef.pl\/2025\/wp-json\/wp\/v2\/pages"}],"about":[{"href":"https:\/\/bnef.pl\/2025\/wp-json\/wp\/v2\/types\/page"}],"author":[{"embeddable":true,"href":"https:\/\/bnef.pl\/2025\/wp-json\/wp\/v2\/users\/1"}],"replies":[{"embeddable":true,"href":"https:\/\/bnef.pl\/2025\/wp-json\/wp\/v2\/comments?post=193"}],"version-history":[{"count":338,"href":"https:\/\/bnef.pl\/2025\/wp-json\/wp\/v2\/pages\/193\/revisions"}],"predecessor-version":[{"id":5283,"href":"https:\/\/bnef.pl\/2025\/wp-json\/wp\/v2\/pages\/193\/revisions\/5283"}],"up":[{"embeddable":true,"href":"https:\/\/bnef.pl\/2025\/wp-json\/wp\/v2\/pages\/191"}],"wp:featuredmedia":[{"embeddable":true,"href":"https:\/\/bnef.pl\/2025\/wp-json\/wp\/v2\/media\/139"}],"wp:attachment":[{"href":"https:\/\/bnef.pl\/2025\/wp-json\/wp\/v2\/media?parent=193"}],"curies":[{"name":"wp","href":"https:\/\/api.w.org\/{rel}","templated":true}]}}