{"id":910,"date":"2023-12-06T08:39:20","date_gmt":"2023-12-06T07:39:20","guid":{"rendered":"https:\/\/bnef.pl\/2025\/?page_id=910"},"modified":"2025-01-02T14:19:11","modified_gmt":"2025-01-02T13:19:11","slug":"about-conference","status":"publish","type":"page","link":"https:\/\/bnef.pl\/2025\/en\/about-conference\/","title":{"rendered":"About conference"},"content":{"rendered":"\n<div id=\"two-columns-block_9bc1c49e104bced9580ff1d860dd8e31\" class=\"site-two-columns \">\n    <div class=\"text-bullet\"><\/div>\n            <div class=\"two-columns-header\">\n            <h3 style=\"text-align: center;\">Baltic Nulcear Energy Forum<\/h3>\n        <\/div><!-- \/.two-columns-header -->\n        \t<div class=\"two-columns-container\">\n        <div class=\"left-column\">\n            <p>The aim of the Baltic Nuclear Energy Forum is to establish a platform for the exchange of knowledge and experience around innovative solutions in nuclear energy. The conference strives to create new perspectives and develop partnerships, especially in the Baltic Sea region. Nuclear power already plays an important role in our region.\u00a0Nuclear power plants are a significant component of the energy portfolio of Sweden, Finland, Ukraine, the Czech Republic, and Slovakia, and Poland and Estonia are planning to build them.<\/p>\n<p>Following the success of the first edition of the Baltic Nuclear Energy Forum, we invite you to the next edition of this prestigious event. In 2025, we plan to focus on the topic of using regional capital in the development of nuclear energy. <strong>The main goal is to highlight the role of &#8222;local content&#8221; in nuclear projects, i.e. maximizing the benefits for local communities and economies.<\/strong><\/p>\n<p>During the Forum, we will talk about global strategies related to the use of regional capital and show cases of countries that have successfully implemented such policies. We will pay attention to the development of local staff and educational programs, cooperation with universities and support for local enterprises in the nuclear sector. We will discuss mechanisms for effective technology transfer, infrastructure investments and government policies promoting local involvement. We will pay special attention to issues of social acceptance of nuclear projects, communication strategies and long-term benefits resulting from local investments in nuclear energy. We will also discuss the role of local governments in the implementation of these projects.<\/p>\n        <\/div><!-- \/.left-column -->\n        <div class=\"right-column\">\n        <p>As the experience of the first edition showed, during our conference we focus not only on transferring knowledge during participation in <strong>interesting debates, sessions, workshops or study visits, but also the aspect of networking and creating a space for direct conversations and exchange of experiences is important to us.<\/strong> Therefore, in the second edition we have planned several novelties related to this. Of course, there will be no shortage of leading experts and practitioners of the industry from Poland and from around the world.<\/p>\n<p>Baltic Nuclear Energy Form 2025 is:<\/p>\n<ul>\n<li>2 days of conference, held at the European Solidarity Centre in Gda\u0144sk<\/li>\n<li>Networking Breakfast<\/li>\n<li>Networking banquet with an evening attraction<\/li>\n<li>Educational workshops<\/li>\n<li>Study visit<\/li>\n<\/ul>\n<p>We invite all interested parties to actively participate in creating the future of nuclear energy in our region. Do you want to join the Partners of our event &#8211; <a href=\"https:\/\/bnef.pl\/2025\/en\/contact\/\">contact us<\/a>.<\/p>\n        <\/div><!-- \/.right-column -->\n    <\/div><!-- \/.two-columns-container -->\n                <div class=\"two-columns-header\">\n            <p>The substantive value of the Baltic Nuclear Energy Forum event is supervised by outstanding experts and scientists who constitute the Scientific Committee and the Program Council.<\/p>\n        <\/div><!-- \/.two-columns-header -->\n        <\/div><!-- \/.site-two-columns -->\n\n\n<div id=\"committee-block_376bebdbd04ebf92e4ca85f54dcb408b\" class=\"site-speakers \">\n    <div class=\"text-bullet\"><\/div>\n\t<div class=\"speakers-container\">\n                <div class=\"speakers-header\">\n            <h3 style=\"text-align: center;\">Scientific Committee<\/h3>\n        <\/div><!-- \/.speakers-header -->\n        \n        \n                    <div class=\"speakers-list\">\n                \n        \n            <div class=\"speaker-box\">\n            <a class=\"speaker-box-link\" href=\"https:\/\/bnef.pl\/2025\/komitet\/maciej-lipka\/\">\n                <img loading=\"lazy\" decoding=\"async\" src=\"https:\/\/bnef.pl\/2025\/wp-content\/uploads\/sites\/7\/2023\/12\/maciej-lipka-180x180.png\" alt=\"Maciej Lipka\" height=\"180\" width=\"180\" >\n                <h5> Maciej Lipka<\/h5>\n                <p>Nuclear PL Sp. z o.o., Fundacja nuclear.pl<\/p>\n            <\/a>\n        <\/div><!-- \/.speaker-box -->\n    \n            <div class=\"speaker-box\">\n            <a class=\"speaker-box-link\" href=\"https:\/\/bnef.pl\/2025\/en\/komitet\/maciej-lipka\/\">\n                <img loading=\"lazy\" decoding=\"async\" src=\"https:\/\/bnef.pl\/2025\/wp-content\/uploads\/sites\/7\/2023\/12\/maciej-lipka-180x180.png\" alt=\"Maciej Lipka\" height=\"180\" width=\"180\" >\n                <h5> Maciej Lipka<\/h5>\n                <p>Nuclear PL Sp. z o.o., nuclear.pl Foundation<\/p>\n            <\/a>\n        <\/div><!-- \/.speaker-box -->\n    \n            <div class=\"speaker-box\">\n            <a class=\"speaker-box-link\" href=\"https:\/\/bnef.pl\/2025\/komitet\/edyta-szurowska\/\">\n                <img loading=\"lazy\" decoding=\"async\" src=\"https:\/\/bnef.pl\/2025\/wp-content\/uploads\/sites\/7\/2023\/12\/edyta-szurowska-180x180.png\" alt=\"Edyta Szurowska\" height=\"180\" width=\"180\" >\n                <h5>Prof. dr hab. Edyta Szurowska<\/h5>\n                <p>Gda\u0144ski Uniwersytet Medyczny<\/p>\n            <\/a>\n        <\/div><!-- \/.speaker-box -->\n    \n            <div class=\"speaker-box\">\n            <a class=\"speaker-box-link\" href=\"https:\/\/bnef.pl\/2025\/en\/komitet\/edyta-szurowska\/\">\n                <img loading=\"lazy\" decoding=\"async\" src=\"https:\/\/bnef.pl\/2025\/wp-content\/uploads\/sites\/7\/2023\/12\/edyta-szurowska-180x180.png\" alt=\"Edyta Szurowska\" height=\"180\" width=\"180\" >\n                <h5>Prof. Edyta Szurowska<\/h5>\n                <p>Medical University of Gda\u0144sk<\/p>\n            <\/a>\n        <\/div><!-- \/.speaker-box -->\n    \n            <div class=\"speaker-box\">\n            <a class=\"speaker-box-link\" href=\"https:\/\/bnef.pl\/2025\/komitet\/marcin-jaskolski\/\">\n                <img loading=\"lazy\" decoding=\"async\" src=\"https:\/\/bnef.pl\/2025\/wp-content\/uploads\/sites\/7\/2023\/12\/marcin-jaskolski-180x180.png\" alt=\"Marcin Jask\u00f3lski\" height=\"180\" width=\"180\" >\n                <h5>Dr in\u017c. Marcin Jask\u00f3lski<\/h5>\n                <p>Politechnika Gda\u0144ska<\/p>\n            <\/a>\n        <\/div><!-- \/.speaker-box -->\n    \n            <div class=\"speaker-box\">\n            <a class=\"speaker-box-link\" href=\"https:\/\/bnef.pl\/2025\/en\/komitet\/marcin-jaskolski\/\">\n                <img loading=\"lazy\" decoding=\"async\" src=\"https:\/\/bnef.pl\/2025\/wp-content\/uploads\/sites\/7\/2023\/12\/marcin-jaskolski-180x180.png\" alt=\"Marcin Jask\u00f3lski\" height=\"180\" width=\"180\" >\n                <h5>Ph.D. Marcin Jask\u00f3lski<\/h5>\n                <p>Gda\u0144sk University of Technology<\/p>\n            <\/a>\n        <\/div><!-- \/.speaker-box -->\n    \n            <div class=\"speaker-box\">\n            <a class=\"speaker-box-link\" href=\"https:\/\/bnef.pl\/2025\/komitet\/sylwia-mrozowska\/\">\n                <img loading=\"lazy\" decoding=\"async\" src=\"https:\/\/bnef.pl\/2025\/wp-content\/uploads\/sites\/7\/2023\/12\/sylwia-mrozowska-180x180.png\" alt=\"Sylwia Mrozowska, prof. UG\" height=\"180\" width=\"180\" >\n                <h5>Dr hab. Sylwia Mrozowska, prof. UG<\/h5>\n                <p>Uniwersytet Gda\u0144ski<\/p>\n            <\/a>\n        <\/div><!-- \/.speaker-box -->\n    \n            <div class=\"speaker-box\">\n            <a class=\"speaker-box-link\" href=\"https:\/\/bnef.pl\/2025\/en\/komitet\/sylwia-mrozowska\/\">\n                <img loading=\"lazy\" decoding=\"async\" src=\"https:\/\/bnef.pl\/2025\/wp-content\/uploads\/sites\/7\/2023\/12\/sylwia-mrozowska-180x180.png\" alt=\"Sylwia Mrozowska, prof. UG\" height=\"180\" width=\"180\" >\n                <h5>Ph.D. Sylwia Mrozowska, prof. UG<\/h5>\n                <p>University of Gda\u0144sk<\/p>\n            <\/a>\n        <\/div><!-- \/.speaker-box -->\n    \n            <div class=\"speaker-box\">\n            <a class=\"speaker-box-link\" href=\"https:\/\/bnef.pl\/2025\/komitet\/mikolaj-oettingen-prof-agh\/\">\n                <img loading=\"lazy\" decoding=\"async\" src=\"https:\/\/bnef.pl\/2025\/wp-content\/uploads\/sites\/7\/2024\/11\/mikolaj-oettingen-180x180.webp\" alt=\"Miko\u0142aj Oettingen, prof. AGH\" height=\"180\" width=\"180\" >\n                <h5>Dr hab. in\u017c.  Miko\u0142aj Oettingen, prof. AGH<\/h5>\n                <p>Akademia G\u00f3rniczo-Hutnicza im. Stanis\u0142awa Staszica w Krakowie<\/p>\n            <\/a>\n        <\/div><!-- \/.speaker-box -->\n    \n            <div class=\"speaker-box\">\n            <a class=\"speaker-box-link\" href=\"https:\/\/bnef.pl\/2025\/en\/komitet\/mikolaj-oettingen-associate-professor\/\">\n                <img loading=\"lazy\" decoding=\"async\" src=\"https:\/\/bnef.pl\/2025\/wp-content\/uploads\/sites\/7\/2024\/11\/mikolaj-oettingen-180x180.webp\" alt=\"Miko\u0142aj Oettingen, Associate Professor\" height=\"180\" width=\"180\" >\n                <h5>Ph.D. Miko\u0142aj Oettingen, Associate Professor<\/h5>\n                <p>AGH University of Krakow<\/p>\n            <\/a>\n        <\/div><!-- \/.speaker-box -->\n    \n        \n    \n        <\/div><!-- \/.speakers-list -->\n    <\/div><!-- \/.speakers-container -->\n<\/div><!-- \/.site-speakers -->\n\n\n\n\n\n<div id=\"committee-block_5408d660ee604e6f378dee721913cdbf\" class=\"site-speakers \">\n    <div class=\"text-bullet\"><\/div>\n\t<div class=\"speakers-container\">\n                <div class=\"speakers-header\">\n            <h3 style=\"text-align: center;\">Conference Program Council<\/h3>\n        <\/div><!-- \/.speakers-header -->\n        \n        \n                    <div class=\"speakers-list\">\n                \n        \n            <div class=\"speaker-box\">\n            <a class=\"speaker-box-link\" href=\"https:\/\/bnef.pl\/2025\/en\/rada\/marzena-czarnecka\/\">\n                <img loading=\"lazy\" decoding=\"async\" src=\"https:\/\/bnef.pl\/2025\/wp-content\/uploads\/sites\/7\/2024\/12\/marzena-czarnecka-180x180.webp\" alt=\"Marzena Czarnecka\" height=\"180\" width=\"180\" >\n                <h5> Marzena Czarnecka<\/h5>\n                <p>Minister of Industry<\/p>\n            <\/a>\n        <\/div><!-- \/.speaker-box -->\n    \n            <div class=\"speaker-box\">\n            <a class=\"speaker-box-link\" href=\"https:\/\/bnef.pl\/2025\/rada\/marzena-czarnecka\/\">\n                <img loading=\"lazy\" decoding=\"async\" src=\"https:\/\/bnef.pl\/2025\/wp-content\/uploads\/sites\/7\/2024\/12\/marzena-czarnecka-180x180.webp\" alt=\"Marzena Czarnecka\" height=\"180\" width=\"180\" >\n                <h5> Marzena Czarnecka<\/h5>\n                <p>Minister Przemys\u0142u<\/p>\n            <\/a>\n        <\/div><!-- \/.speaker-box -->\n    \n            <div class=\"speaker-box\">\n            <a class=\"speaker-box-link\" href=\"https:\/\/bnef.pl\/2025\/en\/rada\/milosz-motyka\/\">\n                <img loading=\"lazy\" decoding=\"async\" src=\"https:\/\/bnef.pl\/2025\/wp-content\/uploads\/sites\/7\/2024\/01\/milosz-motyka-180x180.png\" alt=\"Mi\u0142osz Motyka\" height=\"180\" width=\"180\" >\n                <h5> Mi\u0142osz Motyka<\/h5>\n                <p>Undersecretary of State in Ministry of Climate and Environment<\/p>\n            <\/a>\n        <\/div><!-- \/.speaker-box -->\n    \n            <div class=\"speaker-box\">\n            <a class=\"speaker-box-link\" href=\"https:\/\/bnef.pl\/2025\/rada\/milosz-motyka\/\">\n                <img loading=\"lazy\" decoding=\"async\" src=\"https:\/\/bnef.pl\/2025\/wp-content\/uploads\/sites\/7\/2024\/01\/milosz-motyka-180x180.png\" alt=\"Mi\u0142osz Motyka\" height=\"180\" width=\"180\" >\n                <h5> Mi\u0142osz Motyka<\/h5>\n                <p>Podsekretarz Stanu w Ministerstwie Klimatu i \u015arodowiska <\/p>\n            <\/a>\n        <\/div><!-- \/.speaker-box -->\n    \n            <div class=\"speaker-box\">\n            <a class=\"speaker-box-link\" href=\"https:\/\/bnef.pl\/2025\/en\/rada\/leszek-juchniewicz\/\">\n                <img loading=\"lazy\" decoding=\"async\" src=\"https:\/\/bnef.pl\/2025\/wp-content\/uploads\/sites\/7\/2024\/12\/leszekjuchniewicz-180x180.webp\" alt=\"Leszek Juchniewicz\" height=\"180\" width=\"180\" >\n                <h5>PhD Leszek Juchniewicz<\/h5>\n                <p>President of the Board, Polskie Elektrownie J\u0105drowe<\/p>\n            <\/a>\n        <\/div><!-- \/.speaker-box -->\n    \n            <div class=\"speaker-box\">\n            <a class=\"speaker-box-link\" href=\"https:\/\/bnef.pl\/2025\/rada\/leszek-juchniewicz\/\">\n                <img loading=\"lazy\" decoding=\"async\" src=\"https:\/\/bnef.pl\/2025\/wp-content\/uploads\/sites\/7\/2024\/12\/leszekjuchniewicz-180x180.webp\" alt=\"Leszek Juchniewicz\" height=\"180\" width=\"180\" >\n                <h5>Dr Leszek Juchniewicz<\/h5>\n                <p>Prezes Zarz\u0105du, Polskie Elektrownie J\u0105drowe <\/p>\n            <\/a>\n        <\/div><!-- \/.speaker-box -->\n    \n            <div class=\"speaker-box\">\n            <a class=\"speaker-box-link\" href=\"https:\/\/bnef.pl\/2025\/en\/rada\/thierry-deschaux\/\">\n                <img loading=\"lazy\" decoding=\"async\" src=\"https:\/\/bnef.pl\/2025\/wp-content\/uploads\/sites\/7\/2024\/03\/thierry-deschaux-180x180.png\" alt=\"Thierry Deschaux\" height=\"180\" width=\"180\" >\n                <h5> Thierry Deschaux<\/h5>\n                <p>EDF Poland<\/p>\n            <\/a>\n        <\/div><!-- \/.speaker-box -->\n    \n            <div class=\"speaker-box\">\n            <a class=\"speaker-box-link\" href=\"https:\/\/bnef.pl\/2025\/rada\/thierry-deschaux\/\">\n                <img loading=\"lazy\" decoding=\"async\" src=\"https:\/\/bnef.pl\/2025\/wp-content\/uploads\/sites\/7\/2024\/03\/thierry-deschaux-180x180.png\" alt=\"Thierry Deschaux\" height=\"180\" width=\"180\" >\n                <h5> Thierry Deschaux<\/h5>\n                <p>EDF Polska<\/p>\n            <\/a>\n        <\/div><!-- \/.speaker-box -->\n    \n            <div class=\"speaker-box\">\n            <a class=\"speaker-box-link\" href=\"https:\/\/bnef.pl\/2025\/rada\/miroslaw-kowalik\/\">\n                <img loading=\"lazy\" decoding=\"async\" src=\"https:\/\/bnef.pl\/2025\/wp-content\/uploads\/sites\/7\/2024\/02\/miroslaw-kowalik-1-180x180.png\" alt=\"Miros\u0142aw Kowalik\" height=\"180\" width=\"180\" >\n                <h5> Miros\u0142aw Kowalik<\/h5>\n                <p>Westinghouse Electric Poland Sp. z o.o.<\/p>\n            <\/a>\n        <\/div><!-- \/.speaker-box -->\n    \n            <div class=\"speaker-box\">\n            <a class=\"speaker-box-link\" href=\"https:\/\/bnef.pl\/2025\/en\/rada\/miroslaw-kowalik\/\">\n                <img loading=\"lazy\" decoding=\"async\" src=\"https:\/\/bnef.pl\/2025\/wp-content\/uploads\/sites\/7\/2024\/02\/miroslaw-kowalik-1-180x180.png\" alt=\"Miros\u0142aw Kowalik\" height=\"180\" width=\"180\" >\n                <h5> Miros\u0142aw Kowalik<\/h5>\n                <p>Westinghouse Electric Poland Sp. z o.o.<\/p>\n            <\/a>\n        <\/div><!-- \/.speaker-box -->\n    \n            <div class=\"speaker-box\">\n            <a class=\"speaker-box-link\" href=\"https:\/\/bnef.pl\/2025\/rada\/leszek-holda\/\">\n                <img loading=\"lazy\" decoding=\"async\" src=\"https:\/\/bnef.pl\/2025\/wp-content\/uploads\/sites\/7\/2024\/02\/leszek-holda-180x180.png\" alt=\"Leszek Ho\u0142da\" height=\"180\" width=\"180\" >\n                <h5> Leszek Ho\u0142da<\/h5>\n                <p>Bechtel Polska Sp. z o.o.<\/p>\n            <\/a>\n        <\/div><!-- \/.speaker-box -->\n    \n            <div class=\"speaker-box\">\n            <a class=\"speaker-box-link\" href=\"https:\/\/bnef.pl\/2025\/en\/rada\/leszek-holda\/\">\n                <img loading=\"lazy\" decoding=\"async\" src=\"https:\/\/bnef.pl\/2025\/wp-content\/uploads\/sites\/7\/2024\/02\/leszek-holda-180x180.png\" alt=\"Leszek Ho\u0142da\" height=\"180\" width=\"180\" >\n                <h5> Leszek Ho\u0142da<\/h5>\n                <p>Bechtel Poland Sp. z o.o.<\/p>\n            <\/a>\n        <\/div><!-- \/.speaker-box -->\n    \n            <div class=\"speaker-box\">\n            <a class=\"speaker-box-link\" href=\"https:\/\/bnef.pl\/2025\/rada\/stanislaw-szultka\/\">\n                <img loading=\"lazy\" decoding=\"async\" src=\"https:\/\/bnef.pl\/2025\/wp-content\/uploads\/sites\/7\/2024\/12\/STANISLAW-SZULTKA-180x180.webp\" alt=\"Stanis\u0142aw Szultka\" height=\"180\" width=\"180\" >\n                <h5> Stanis\u0142aw Szultka<\/h5>\n                <p>Dyrektor Departamentu Rozwoju Gospodarczego, Urz\u0105d Marsza\u0142kowski Wojew\u00f3dztwa Pomorskiego <\/p>\n            <\/a>\n        <\/div><!-- \/.speaker-box -->\n    \n            <div class=\"speaker-box\">\n            <a class=\"speaker-box-link\" href=\"https:\/\/bnef.pl\/2025\/en\/rada\/stanislaw-szultka\/\">\n                <img loading=\"lazy\" decoding=\"async\" src=\"https:\/\/bnef.pl\/2025\/wp-content\/uploads\/sites\/7\/2024\/12\/STANISLAW-SZULTKA-180x180.webp\" alt=\"Stanis\u0142aw Szultka\" height=\"180\" width=\"180\" >\n                <h5> Stanis\u0142aw Szultka<\/h5>\n                <p>Director of the Department of Economic Development, Marshal&#8217;s Office of the Pomeranian Voivodeship<\/p>\n            <\/a>\n        <\/div><!-- \/.speaker-box -->\n    \n            <div class=\"speaker-box\">\n            <a class=\"speaker-box-link\" href=\"https:\/\/bnef.pl\/2025\/rada\/krzysztof-kilian\/\">\n                <img loading=\"lazy\" decoding=\"async\" src=\"https:\/\/bnef.pl\/2025\/wp-content\/uploads\/sites\/7\/2024\/12\/kiliankrzysztof-180x180.webp\" alt=\"Krzysztof Kilian\" height=\"180\" width=\"180\" >\n                <h5> Krzysztof Kilian<\/h5>\n                <p>Ekspert ds. energetyki j\u0105drowej<\/p>\n            <\/a>\n        <\/div><!-- \/.speaker-box -->\n    \n            <div class=\"speaker-box\">\n            <a class=\"speaker-box-link\" href=\"https:\/\/bnef.pl\/2025\/en\/rada\/krzysztof-kilian\/\">\n                <img loading=\"lazy\" decoding=\"async\" src=\"https:\/\/bnef.pl\/2025\/wp-content\/uploads\/sites\/7\/2024\/12\/kiliankrzysztof-180x180.webp\" alt=\"Krzysztof Kilian\" height=\"180\" width=\"180\" >\n                <h5> Krzysztof Kilian<\/h5>\n                <p>Nuclear Energy Expert<\/p>\n            <\/a>\n        <\/div><!-- \/.speaker-box -->\n    \n            <div class=\"speaker-box\">\n            <a class=\"speaker-box-link\" href=\"https:\/\/bnef.pl\/2025\/rada\/rafal-kasprow\/\">\n                <img loading=\"lazy\" decoding=\"async\" src=\"https:\/\/bnef.pl\/2025\/wp-content\/uploads\/sites\/7\/2024\/03\/rafal-kasprow-180x180.png\" alt=\"Rafa\u0142 Kaspr\u00f3w\" height=\"180\" width=\"180\" >\n                <h5> Rafa\u0142 Kaspr\u00f3w<\/h5>\n                <p>Orlen Synthos Green Energy Sp. z o.o.<\/p>\n            <\/a>\n        <\/div><!-- \/.speaker-box -->\n    \n            <div class=\"speaker-box\">\n            <a class=\"speaker-box-link\" href=\"https:\/\/bnef.pl\/2025\/en\/rada\/rafal-kasprow\/\">\n                <img loading=\"lazy\" decoding=\"async\" src=\"https:\/\/bnef.pl\/2025\/wp-content\/uploads\/sites\/7\/2024\/03\/rafal-kasprow-180x180.png\" alt=\"Rafa\u0142 Kaspr\u00f3w\" height=\"180\" width=\"180\" >\n                <h5> Rafa\u0142 Kaspr\u00f3w<\/h5>\n                <p>Orlen Synthos Green Energy Sp. z o.o.<\/p>\n            <\/a>\n        <\/div><!-- \/.speaker-box -->\n    \n        \n    \n        <\/div><!-- \/.speakers-list -->\n    <\/div><!-- \/.speakers-container -->\n<\/div><!-- \/.site-speakers -->\n\n\n","protected":false},"excerpt":{"rendered":"","protected":false},"author":1,"featured_media":140,"parent":0,"menu_order":0,"comment_status":"closed","ping_status":"closed","template":"template-pages\/page-basic.php","meta":{"_acf_changed":false,"footnotes":""},"class_list":["post-910","page","type-page","status-publish","has-post-thumbnail","hentry"],"acf":[],"yoast_head":"<!-- This site is optimized with the Yoast SEO plugin v28.3 - https:\/\/yoast.com\/product\/yoast-seo-wordpress\/ -->\n<title>About conference<\/title>\n<meta name=\"description\" content=\"About Baltic Nuclear Energy Forum (BNEF) conference - a platform for the exchange of knowledge and experience around nuclear energy.\" \/>\n<meta name=\"robots\" content=\"index, follow, max-snippet:-1, max-image-preview:large, max-video-preview:-1\" \/>\n<link rel=\"canonical\" href=\"https:\/\/bnef.pl\/2025\/en\/about-conference\/\" \/>\n<meta property=\"og:locale\" content=\"pl_PL\" \/>\n<meta property=\"og:type\" content=\"article\" \/>\n<meta property=\"og:title\" content=\"About conference\" \/>\n<meta property=\"og:description\" content=\"About Baltic Nuclear Energy Forum (BNEF) conference - a platform for the exchange of knowledge and experience around nuclear energy.\" \/>\n<meta property=\"og:url\" content=\"https:\/\/bnef.pl\/2025\/en\/about-conference\/\" \/>\n<meta property=\"og:site_name\" content=\"Baltic Nuclear Energy Forum - 2025\" \/>\n<meta property=\"article:modified_time\" content=\"2025-01-02T13:19:11+00:00\" \/>\n<meta property=\"og:image\" content=\"https:\/\/bnef.pl\/2025\/wp-content\/uploads\/sites\/7\/2023\/11\/konferencja-bg.png\" \/>\n\t<meta property=\"og:image:width\" content=\"1920\" \/>\n\t<meta property=\"og:image:height\" content=\"350\" \/>\n\t<meta property=\"og:image:type\" content=\"image\/png\" \/>\n<meta name=\"twitter:card\" content=\"summary_large_image\" \/>\n<meta name=\"twitter:label1\" content=\"Szacowany czas czytania\" \/>\n\t<meta name=\"twitter:data1\" content=\"1 minuta\" \/>\n<script type=\"application\/ld+json\" class=\"yoast-schema-graph\">{\"@context\":\"https:\\\/\\\/schema.org\",\"@graph\":[{\"@type\":\"WebPage\",\"@id\":\"https:\\\/\\\/bnef.pl\\\/2025\\\/en\\\/about-conference\\\/\",\"url\":\"https:\\\/\\\/bnef.pl\\\/2025\\\/en\\\/about-conference\\\/\",\"name\":\"About conference\",\"isPartOf\":{\"@id\":\"https:\\\/\\\/bnef.pl\\\/2025\\\/#website\"},\"primaryImageOfPage\":{\"@id\":\"https:\\\/\\\/bnef.pl\\\/2025\\\/en\\\/about-conference\\\/#primaryimage\"},\"image\":{\"@id\":\"https:\\\/\\\/bnef.pl\\\/2025\\\/en\\\/about-conference\\\/#primaryimage\"},\"thumbnailUrl\":\"https:\\\/\\\/bnef.pl\\\/2025\\\/wp-content\\\/uploads\\\/sites\\\/7\\\/2023\\\/11\\\/konferencja-bg.png\",\"datePublished\":\"2023-12-06T07:39:20+00:00\",\"dateModified\":\"2025-01-02T13:19:11+00:00\",\"description\":\"About Baltic Nuclear Energy Forum (BNEF) conference - a platform for the exchange of knowledge and experience around nuclear energy.\",\"breadcrumb\":{\"@id\":\"https:\\\/\\\/bnef.pl\\\/2025\\\/en\\\/about-conference\\\/#breadcrumb\"},\"inLanguage\":\"pl-PL\",\"potentialAction\":[{\"@type\":\"ReadAction\",\"target\":[\"https:\\\/\\\/bnef.pl\\\/2025\\\/en\\\/about-conference\\\/\"]}]},{\"@type\":\"ImageObject\",\"inLanguage\":\"pl-PL\",\"@id\":\"https:\\\/\\\/bnef.pl\\\/2025\\\/en\\\/about-conference\\\/#primaryimage\",\"url\":\"https:\\\/\\\/bnef.pl\\\/2025\\\/wp-content\\\/uploads\\\/sites\\\/7\\\/2023\\\/11\\\/konferencja-bg.png\",\"contentUrl\":\"https:\\\/\\\/bnef.pl\\\/2025\\\/wp-content\\\/uploads\\\/sites\\\/7\\\/2023\\\/11\\\/konferencja-bg.png\",\"width\":1920,\"height\":350,\"caption\":\"about conference\"},{\"@type\":\"BreadcrumbList\",\"@id\":\"https:\\\/\\\/bnef.pl\\\/2025\\\/en\\\/about-conference\\\/#breadcrumb\",\"itemListElement\":[{\"@type\":\"ListItem\",\"position\":1,\"name\":\"Strona g\u0142\u00f3wna\",\"item\":\"https:\\\/\\\/bnef.pl\\\/2025\\\/\"},{\"@type\":\"ListItem\",\"position\":2,\"name\":\"About conference\"}]},{\"@type\":\"WebSite\",\"@id\":\"https:\\\/\\\/bnef.pl\\\/2025\\\/#website\",\"url\":\"https:\\\/\\\/bnef.pl\\\/2025\\\/\",\"name\":\"Baltic Nuclear Energy Forum\",\"description\":\"\",\"publisher\":{\"@id\":\"https:\\\/\\\/bnef.pl\\\/2025\\\/#organization\"},\"potentialAction\":[{\"@type\":\"SearchAction\",\"target\":{\"@type\":\"EntryPoint\",\"urlTemplate\":\"https:\\\/\\\/bnef.pl\\\/2025\\\/?s={search_term_string}\"},\"query-input\":{\"@type\":\"PropertyValueSpecification\",\"valueRequired\":true,\"valueName\":\"search_term_string\"}}],\"inLanguage\":\"pl-PL\"},{\"@type\":\"Organization\",\"@id\":\"https:\\\/\\\/bnef.pl\\\/2025\\\/#organization\",\"name\":\"Baltic Nuclear Energy Forum\",\"url\":\"https:\\\/\\\/bnef.pl\\\/2025\\\/\",\"logo\":{\"@type\":\"ImageObject\",\"inLanguage\":\"pl-PL\",\"@id\":\"https:\\\/\\\/bnef.pl\\\/2025\\\/#\\\/schema\\\/logo\\\/image\\\/\",\"url\":\"https:\\\/\\\/bnef.pl\\\/2025\\\/wp-content\\\/uploads\\\/sites\\\/7\\\/2024\\\/01\\\/BNEF_logo.png\",\"contentUrl\":\"https:\\\/\\\/bnef.pl\\\/2025\\\/wp-content\\\/uploads\\\/sites\\\/7\\\/2024\\\/01\\\/BNEF_logo.png\",\"width\":500,\"height\":500,\"caption\":\"Baltic Nuclear Energy Forum\"},\"image\":{\"@id\":\"https:\\\/\\\/bnef.pl\\\/2025\\\/#\\\/schema\\\/logo\\\/image\\\/\"},\"sameAs\":[\"https:\\\/\\\/www.linkedin.com\\\/showcase\\\/baltic-nuclear-energy-forum\\\/\",\"https:\\\/\\\/www.youtube.com\\\/@balticnuclearenergyforum\"]}]}<\/script>\n<!-- \/ Yoast SEO plugin. -->","yoast_head_json":{"title":"About conference","description":"About Baltic Nuclear Energy Forum (BNEF) conference - a platform for the exchange of knowledge and experience around nuclear energy.","robots":{"index":"index","follow":"follow","max-snippet":"max-snippet:-1","max-image-preview":"max-image-preview:large","max-video-preview":"max-video-preview:-1"},"canonical":"https:\/\/bnef.pl\/2025\/en\/about-conference\/","og_locale":"pl_PL","og_type":"article","og_title":"About conference","og_description":"About Baltic Nuclear Energy Forum (BNEF) conference - a platform for the exchange of knowledge and experience around nuclear energy.","og_url":"https:\/\/bnef.pl\/2025\/en\/about-conference\/","og_site_name":"Baltic Nuclear Energy Forum - 2025","article_modified_time":"2025-01-02T13:19:11+00:00","og_image":[{"width":1920,"height":350,"url":"https:\/\/bnef.pl\/2025\/wp-content\/uploads\/sites\/7\/2023\/11\/konferencja-bg.png","type":"image\/png"}],"twitter_card":"summary_large_image","twitter_misc":{"Szacowany czas czytania":"1 minuta"},"schema":{"@context":"https:\/\/schema.org","@graph":[{"@type":"WebPage","@id":"https:\/\/bnef.pl\/2025\/en\/about-conference\/","url":"https:\/\/bnef.pl\/2025\/en\/about-conference\/","name":"About conference","isPartOf":{"@id":"https:\/\/bnef.pl\/2025\/#website"},"primaryImageOfPage":{"@id":"https:\/\/bnef.pl\/2025\/en\/about-conference\/#primaryimage"},"image":{"@id":"https:\/\/bnef.pl\/2025\/en\/about-conference\/#primaryimage"},"thumbnailUrl":"https:\/\/bnef.pl\/2025\/wp-content\/uploads\/sites\/7\/2023\/11\/konferencja-bg.png","datePublished":"2023-12-06T07:39:20+00:00","dateModified":"2025-01-02T13:19:11+00:00","description":"About Baltic Nuclear Energy Forum (BNEF) conference - a platform for the exchange of knowledge and experience around nuclear energy.","breadcrumb":{"@id":"https:\/\/bnef.pl\/2025\/en\/about-conference\/#breadcrumb"},"inLanguage":"pl-PL","potentialAction":[{"@type":"ReadAction","target":["https:\/\/bnef.pl\/2025\/en\/about-conference\/"]}]},{"@type":"ImageObject","inLanguage":"pl-PL","@id":"https:\/\/bnef.pl\/2025\/en\/about-conference\/#primaryimage","url":"https:\/\/bnef.pl\/2025\/wp-content\/uploads\/sites\/7\/2023\/11\/konferencja-bg.png","contentUrl":"https:\/\/bnef.pl\/2025\/wp-content\/uploads\/sites\/7\/2023\/11\/konferencja-bg.png","width":1920,"height":350,"caption":"about conference"},{"@type":"BreadcrumbList","@id":"https:\/\/bnef.pl\/2025\/en\/about-conference\/#breadcrumb","itemListElement":[{"@type":"ListItem","position":1,"name":"Strona g\u0142\u00f3wna","item":"https:\/\/bnef.pl\/2025\/"},{"@type":"ListItem","position":2,"name":"About conference"}]},{"@type":"WebSite","@id":"https:\/\/bnef.pl\/2025\/#website","url":"https:\/\/bnef.pl\/2025\/","name":"Baltic Nuclear Energy Forum","description":"","publisher":{"@id":"https:\/\/bnef.pl\/2025\/#organization"},"potentialAction":[{"@type":"SearchAction","target":{"@type":"EntryPoint","urlTemplate":"https:\/\/bnef.pl\/2025\/?s={search_term_string}"},"query-input":{"@type":"PropertyValueSpecification","valueRequired":true,"valueName":"search_term_string"}}],"inLanguage":"pl-PL"},{"@type":"Organization","@id":"https:\/\/bnef.pl\/2025\/#organization","name":"Baltic Nuclear Energy Forum","url":"https:\/\/bnef.pl\/2025\/","logo":{"@type":"ImageObject","inLanguage":"pl-PL","@id":"https:\/\/bnef.pl\/2025\/#\/schema\/logo\/image\/","url":"https:\/\/bnef.pl\/2025\/wp-content\/uploads\/sites\/7\/2024\/01\/BNEF_logo.png","contentUrl":"https:\/\/bnef.pl\/2025\/wp-content\/uploads\/sites\/7\/2024\/01\/BNEF_logo.png","width":500,"height":500,"caption":"Baltic Nuclear Energy Forum"},"image":{"@id":"https:\/\/bnef.pl\/2025\/#\/schema\/logo\/image\/"},"sameAs":["https:\/\/www.linkedin.com\/showcase\/baltic-nuclear-energy-forum\/","https:\/\/www.youtube.com\/@balticnuclearenergyforum"]}]}},"_links":{"self":[{"href":"https:\/\/bnef.pl\/2025\/wp-json\/wp\/v2\/pages\/910","targetHints":{"allow":["GET"]}}],"collection":[{"href":"https:\/\/bnef.pl\/2025\/wp-json\/wp\/v2\/pages"}],"about":[{"href":"https:\/\/bnef.pl\/2025\/wp-json\/wp\/v2\/types\/page"}],"author":[{"embeddable":true,"href":"https:\/\/bnef.pl\/2025\/wp-json\/wp\/v2\/users\/1"}],"replies":[{"embeddable":true,"href":"https:\/\/bnef.pl\/2025\/wp-json\/wp\/v2\/comments?post=910"}],"version-history":[{"count":10,"href":"https:\/\/bnef.pl\/2025\/wp-json\/wp\/v2\/pages\/910\/revisions"}],"predecessor-version":[{"id":3980,"href":"https:\/\/bnef.pl\/2025\/wp-json\/wp\/v2\/pages\/910\/revisions\/3980"}],"wp:featuredmedia":[{"embeddable":true,"href":"https:\/\/bnef.pl\/2025\/wp-json\/wp\/v2\/media\/140"}],"wp:attachment":[{"href":"https:\/\/bnef.pl\/2025\/wp-json\/wp\/v2\/media?parent=910"}],"curies":[{"name":"wp","href":"https:\/\/api.w.org\/{rel}","templated":true}]}}